{"id":47896,"date":"2026-01-04T01:33:40","date_gmt":"2026-01-04T00:33:40","guid":{"rendered":"https:\/\/paragaleriedetalborjt.com\/?post_type=product&#038;p=47896"},"modified":"2026-01-04T14:32:56","modified_gmt":"2026-01-04T13:32:56","slug":"avene-creme-peaux-intolerantes-d-e-f-i-50ml","status":"publish","type":"product","link":"https:\/\/paragaleriedetalborjt.com\/en\/boutique\/avene-creme-peaux-intolerantes-d-e-f-i-50ml\/","title":{"rendered":"Av\u00e8ne Cr\u00e8me Peaux Intol\u00e9rantes D.E.F.I \u2013 50ml"},"content":{"rendered":"<div aria-labelledby=\"tab-title-description\" class=\"woocommerce-Tabs-panel woocommerce-Tabs-panel--description panel entry-content wc-tab\" id=\"tab-description\" role=\"tabpanel\" style=\"\">\n<h2>Description<\/h2>\n<p>Avene Creme Peaux Intolerantes Defi 50ml est un produit con\u00e7u pour les peaux les plus sensibles. Il offre une protection et une hydratation optimales pour les peaux s\u00e8ches et irrit\u00e9es. Sa formule douce et non grasse est enrichie en eau thermale d\u2019Av\u00e8ne, connue pour ses propri\u00e9t\u00e9s apaisantes et anti-irritantes. Il est hypoallerg\u00e9nique et non com\u00e9dog\u00e8ne, ce qui en fait un produit s\u00fbr et adapt\u00e9 \u00e0 tous les types de peau. Il procure une sensation de confort imm\u00e9diat et durable et aide \u00e0 r\u00e9duire les rougeurs et les irritations. Avec Avene Creme Peaux Intolerantes Defi 50ml, votre peau est prot\u00e9g\u00e9e et hydrat\u00e9e tout au long de la journ\u00e9e.<\/p>\n<\/div>","protected":false},"excerpt":{"rendered":"<p>Highlights:Agression climatiques, cosm\u00e9tiques inadapt\u00e9s\u2026 Aider ma peau \u00e0 se prot\u00e9ger Calme rapidement l\u2019irritation et restaure le film hydrolipidique gr\u00e2ce \u00e0 la Parc\u00e9rine\u00ae. Permet de diminuer la r\u00e9activit\u00e9 cutan\u00e9e, assure une protection efficace et durable. La Cosm\u00e9tique st\u00e9rile apporte en plus une s\u00e9curit\u00e9 unique pour les peaux r\u00e9actives.<\/p>","protected":false},"featured_media":47897,"comment_status":"open","ping_status":"closed","template":"","meta":[],"pwb-brand":[1771],"product_cat":[16],"product_tag":[],"class_list":{"0":"post-47896","1":"product","2":"type-product","3":"status-publish","4":"has-post-thumbnail","6":"pwb-brand-avene","7":"product_cat-non-classe","8":"pa_brands-avene","10":"first","11":"instock","12":"sale","13":"shipping-taxable","14":"purchasable","15":"product-type-simple"},"yoast_head":"<!-- This site is optimized with the Yoast SEO plugin v27.5 - https:\/\/yoast.com\/product\/yoast-seo-wordpress\/ -->\n<title>Av\u00e8ne Cr\u00e8me Peaux Intol\u00e9rantes D.E.F.I \u2013 50ml - paragaleriedetalborjt<\/title>\n<meta name=\"robots\" content=\"index, follow, max-snippet:-1, max-image-preview:large, max-video-preview:-1\" \/>\n<link rel=\"canonical\" href=\"https:\/\/paragaleriedetalborjt.com\/en\/boutique\/avene-creme-peaux-intolerantes-d-e-f-i-50ml\/\" \/>\n<meta property=\"og:locale\" content=\"en_US\" \/>\n<meta property=\"og:type\" content=\"article\" \/>\n<meta property=\"og:title\" content=\"Av\u00e8ne Cr\u00e8me Peaux Intol\u00e9rantes D.E.F.I \u2013 50ml - paragaleriedetalborjt\" \/>\n<meta property=\"og:description\" content=\"Highlights:Agression climatiques, cosm\u00e9tiques inadapt\u00e9s\u2026 Aider ma peau \u00e0 se prot\u00e9ger Calme rapidement l\u2019irritation et restaure le film hydrolipidique gr\u00e2ce \u00e0 la Parc\u00e9rine\u00ae. Permet de diminuer la r\u00e9activit\u00e9 cutan\u00e9e, assure une protection efficace et durable. La Cosm\u00e9tique st\u00e9rile apporte en plus une s\u00e9curit\u00e9 unique pour les peaux r\u00e9actives.\" \/>\n<meta property=\"og:url\" content=\"https:\/\/paragaleriedetalborjt.com\/en\/boutique\/avene-creme-peaux-intolerantes-d-e-f-i-50ml\/\" \/>\n<meta property=\"og:site_name\" content=\"paragaleriedetalborjt\" \/>\n<meta property=\"article:modified_time\" content=\"2026-01-04T13:32:56+00:00\" \/>\n<meta property=\"og:image\" content=\"https:\/\/paragaleriedetalborjt.com\/wp-content\/uploads\/2026\/01\/Creme-peaux-intolerantes-50ml-3282779348850-avene.jpg\" \/>\n\t<meta property=\"og:image:width\" content=\"595\" \/>\n\t<meta property=\"og:image:height\" content=\"655\" \/>\n\t<meta property=\"og:image:type\" content=\"image\/jpeg\" \/>\n<meta name=\"twitter:card\" content=\"summary_large_image\" \/>\n<meta name=\"twitter:label1\" content=\"Est. reading time\" \/>\n\t<meta name=\"twitter:data1\" content=\"1 minute\" \/>\n<script type=\"application\/ld+json\" class=\"yoast-schema-graph\">{\"@context\":\"https:\\\/\\\/schema.org\",\"@graph\":[{\"@type\":\"WebPage\",\"@id\":\"https:\\\/\\\/paragaleriedetalborjt.com\\\/boutique\\\/avene-creme-peaux-intolerantes-d-e-f-i-50ml\\\/\",\"url\":\"https:\\\/\\\/paragaleriedetalborjt.com\\\/boutique\\\/avene-creme-peaux-intolerantes-d-e-f-i-50ml\\\/\",\"name\":\"Av\u00e8ne Cr\u00e8me Peaux Intol\u00e9rantes D.E.F.I \u2013 50ml - paragaleriedetalborjt\",\"isPartOf\":{\"@id\":\"https:\\\/\\\/paragaleriedetalborjt.com\\\/#website\"},\"primaryImageOfPage\":{\"@id\":\"https:\\\/\\\/paragaleriedetalborjt.com\\\/boutique\\\/avene-creme-peaux-intolerantes-d-e-f-i-50ml\\\/#primaryimage\"},\"image\":{\"@id\":\"https:\\\/\\\/paragaleriedetalborjt.com\\\/boutique\\\/avene-creme-peaux-intolerantes-d-e-f-i-50ml\\\/#primaryimage\"},\"thumbnailUrl\":\"https:\\\/\\\/paragaleriedetalborjt.com\\\/wp-content\\\/uploads\\\/2026\\\/01\\\/Creme-peaux-intolerantes-50ml-3282779348850-avene.jpg\",\"datePublished\":\"2026-01-04T00:33:40+00:00\",\"dateModified\":\"2026-01-04T13:32:56+00:00\",\"breadcrumb\":{\"@id\":\"https:\\\/\\\/paragaleriedetalborjt.com\\\/boutique\\\/avene-creme-peaux-intolerantes-d-e-f-i-50ml\\\/#breadcrumb\"},\"inLanguage\":\"en-US\",\"potentialAction\":[{\"@type\":\"ReadAction\",\"target\":[\"https:\\\/\\\/paragaleriedetalborjt.com\\\/boutique\\\/avene-creme-peaux-intolerantes-d-e-f-i-50ml\\\/\"]}]},{\"@type\":\"ImageObject\",\"inLanguage\":\"en-US\",\"@id\":\"https:\\\/\\\/paragaleriedetalborjt.com\\\/boutique\\\/avene-creme-peaux-intolerantes-d-e-f-i-50ml\\\/#primaryimage\",\"url\":\"https:\\\/\\\/paragaleriedetalborjt.com\\\/wp-content\\\/uploads\\\/2026\\\/01\\\/Creme-peaux-intolerantes-50ml-3282779348850-avene.jpg\",\"contentUrl\":\"https:\\\/\\\/paragaleriedetalborjt.com\\\/wp-content\\\/uploads\\\/2026\\\/01\\\/Creme-peaux-intolerantes-50ml-3282779348850-avene.jpg\",\"width\":595,\"height\":655},{\"@type\":\"BreadcrumbList\",\"@id\":\"https:\\\/\\\/paragaleriedetalborjt.com\\\/boutique\\\/avene-creme-peaux-intolerantes-d-e-f-i-50ml\\\/#breadcrumb\",\"itemListElement\":[{\"@type\":\"ListItem\",\"position\":1,\"name\":\"Accueil\",\"item\":\"https:\\\/\\\/paragaleriedetalborjt.com\\\/\"},{\"@type\":\"ListItem\",\"position\":2,\"name\":\"Boutique\",\"item\":\"https:\\\/\\\/paragaleriedetalborjt.com\\\/boutique\\\/\"},{\"@type\":\"ListItem\",\"position\":3,\"name\":\"Av\u00e8ne Cr\u00e8me Peaux Intol\u00e9rantes D.E.F.I \u2013 50ml\"}]},{\"@type\":\"WebSite\",\"@id\":\"https:\\\/\\\/paragaleriedetalborjt.com\\\/#website\",\"url\":\"https:\\\/\\\/paragaleriedetalborjt.com\\\/\",\"name\":\"paragaleriedetalborjt\",\"description\":\"\",\"potentialAction\":[{\"@type\":\"SearchAction\",\"target\":{\"@type\":\"EntryPoint\",\"urlTemplate\":\"https:\\\/\\\/paragaleriedetalborjt.com\\\/?s={search_term_string}\"},\"query-input\":{\"@type\":\"PropertyValueSpecification\",\"valueRequired\":true,\"valueName\":\"search_term_string\"}}],\"inLanguage\":\"en-US\"}]}<\/script>\n<!-- \/ Yoast SEO plugin. -->","yoast_head_json":{"title":"Av\u00e8ne Cr\u00e8me Peaux Intol\u00e9rantes D.E.F.I \u2013 50ml - paragaleriedetalborjt","robots":{"index":"index","follow":"follow","max-snippet":"max-snippet:-1","max-image-preview":"max-image-preview:large","max-video-preview":"max-video-preview:-1"},"canonical":"https:\/\/paragaleriedetalborjt.com\/en\/boutique\/avene-creme-peaux-intolerantes-d-e-f-i-50ml\/","og_locale":"en_US","og_type":"article","og_title":"Av\u00e8ne Cr\u00e8me Peaux Intol\u00e9rantes D.E.F.I \u2013 50ml - paragaleriedetalborjt","og_description":"Highlights:Agression climatiques, cosm\u00e9tiques inadapt\u00e9s\u2026 Aider ma peau \u00e0 se prot\u00e9ger Calme rapidement l\u2019irritation et restaure le film hydrolipidique gr\u00e2ce \u00e0 la Parc\u00e9rine\u00ae. Permet de diminuer la r\u00e9activit\u00e9 cutan\u00e9e, assure une protection efficace et durable. La Cosm\u00e9tique st\u00e9rile apporte en plus une s\u00e9curit\u00e9 unique pour les peaux r\u00e9actives.","og_url":"https:\/\/paragaleriedetalborjt.com\/en\/boutique\/avene-creme-peaux-intolerantes-d-e-f-i-50ml\/","og_site_name":"paragaleriedetalborjt","article_modified_time":"2026-01-04T13:32:56+00:00","og_image":[{"width":595,"height":655,"url":"https:\/\/paragaleriedetalborjt.com\/wp-content\/uploads\/2026\/01\/Creme-peaux-intolerantes-50ml-3282779348850-avene.jpg","type":"image\/jpeg"}],"twitter_card":"summary_large_image","twitter_misc":{"Est. reading time":"1 minute"},"schema":{"@context":"https:\/\/schema.org","@graph":[{"@type":"WebPage","@id":"https:\/\/paragaleriedetalborjt.com\/boutique\/avene-creme-peaux-intolerantes-d-e-f-i-50ml\/","url":"https:\/\/paragaleriedetalborjt.com\/boutique\/avene-creme-peaux-intolerantes-d-e-f-i-50ml\/","name":"Av\u00e8ne Cr\u00e8me Peaux Intol\u00e9rantes D.E.F.I \u2013 50ml - paragaleriedetalborjt","isPartOf":{"@id":"https:\/\/paragaleriedetalborjt.com\/#website"},"primaryImageOfPage":{"@id":"https:\/\/paragaleriedetalborjt.com\/boutique\/avene-creme-peaux-intolerantes-d-e-f-i-50ml\/#primaryimage"},"image":{"@id":"https:\/\/paragaleriedetalborjt.com\/boutique\/avene-creme-peaux-intolerantes-d-e-f-i-50ml\/#primaryimage"},"thumbnailUrl":"https:\/\/paragaleriedetalborjt.com\/wp-content\/uploads\/2026\/01\/Creme-peaux-intolerantes-50ml-3282779348850-avene.jpg","datePublished":"2026-01-04T00:33:40+00:00","dateModified":"2026-01-04T13:32:56+00:00","breadcrumb":{"@id":"https:\/\/paragaleriedetalborjt.com\/boutique\/avene-creme-peaux-intolerantes-d-e-f-i-50ml\/#breadcrumb"},"inLanguage":"en-US","potentialAction":[{"@type":"ReadAction","target":["https:\/\/paragaleriedetalborjt.com\/boutique\/avene-creme-peaux-intolerantes-d-e-f-i-50ml\/"]}]},{"@type":"ImageObject","inLanguage":"en-US","@id":"https:\/\/paragaleriedetalborjt.com\/boutique\/avene-creme-peaux-intolerantes-d-e-f-i-50ml\/#primaryimage","url":"https:\/\/paragaleriedetalborjt.com\/wp-content\/uploads\/2026\/01\/Creme-peaux-intolerantes-50ml-3282779348850-avene.jpg","contentUrl":"https:\/\/paragaleriedetalborjt.com\/wp-content\/uploads\/2026\/01\/Creme-peaux-intolerantes-50ml-3282779348850-avene.jpg","width":595,"height":655},{"@type":"BreadcrumbList","@id":"https:\/\/paragaleriedetalborjt.com\/boutique\/avene-creme-peaux-intolerantes-d-e-f-i-50ml\/#breadcrumb","itemListElement":[{"@type":"ListItem","position":1,"name":"Accueil","item":"https:\/\/paragaleriedetalborjt.com\/"},{"@type":"ListItem","position":2,"name":"Boutique","item":"https:\/\/paragaleriedetalborjt.com\/boutique\/"},{"@type":"ListItem","position":3,"name":"Av\u00e8ne Cr\u00e8me Peaux Intol\u00e9rantes D.E.F.I \u2013 50ml"}]},{"@type":"WebSite","@id":"https:\/\/paragaleriedetalborjt.com\/#website","url":"https:\/\/paragaleriedetalborjt.com\/","name":"paragaleriedetalborjt","description":"","potentialAction":[{"@type":"SearchAction","target":{"@type":"EntryPoint","urlTemplate":"https:\/\/paragaleriedetalborjt.com\/?s={search_term_string}"},"query-input":{"@type":"PropertyValueSpecification","valueRequired":true,"valueName":"search_term_string"}}],"inLanguage":"en-US"}]}},"brands":[{"id":1771,"name":"AV\u00c8NE","slug":"avene"}],"_links":{"self":[{"href":"https:\/\/paragaleriedetalborjt.com\/en\/wp-json\/wp\/v2\/product\/47896","targetHints":{"allow":["GET"]}}],"collection":[{"href":"https:\/\/paragaleriedetalborjt.com\/en\/wp-json\/wp\/v2\/product"}],"about":[{"href":"https:\/\/paragaleriedetalborjt.com\/en\/wp-json\/wp\/v2\/types\/product"}],"replies":[{"embeddable":true,"href":"https:\/\/paragaleriedetalborjt.com\/en\/wp-json\/wp\/v2\/comments?post=47896"}],"version-history":[{"count":1,"href":"https:\/\/paragaleriedetalborjt.com\/en\/wp-json\/wp\/v2\/product\/47896\/revisions"}],"predecessor-version":[{"id":47898,"href":"https:\/\/paragaleriedetalborjt.com\/en\/wp-json\/wp\/v2\/product\/47896\/revisions\/47898"}],"wp:featuredmedia":[{"embeddable":true,"href":"https:\/\/paragaleriedetalborjt.com\/en\/wp-json\/wp\/v2\/media\/47897"}],"wp:attachment":[{"href":"https:\/\/paragaleriedetalborjt.com\/en\/wp-json\/wp\/v2\/media?parent=47896"}],"wp:term":[{"taxonomy":"pwb-brand","embeddable":true,"href":"https:\/\/paragaleriedetalborjt.com\/en\/wp-json\/wp\/v2\/pwb-brand?post=47896"},{"taxonomy":"product_cat","embeddable":true,"href":"https:\/\/paragaleriedetalborjt.com\/en\/wp-json\/wp\/v2\/product_cat?post=47896"},{"taxonomy":"product_tag","embeddable":true,"href":"https:\/\/paragaleriedetalborjt.com\/en\/wp-json\/wp\/v2\/product_tag?post=47896"}],"curies":[{"name":"wp","href":"https:\/\/api.w.org\/{rel}","templated":true}]}}