{"id":47590,"date":"2026-01-04T01:21:25","date_gmt":"2026-01-04T00:21:25","guid":{"rendered":"https:\/\/paragaleriedetalborjt.com\/?post_type=product&#038;p=47590"},"modified":"2026-01-04T14:32:03","modified_gmt":"2026-01-04T13:32:03","slug":"eau-thermale-avene-xeracalm-a-d-creme-relipidante-200-ml","status":"publish","type":"product","link":"https:\/\/paragaleriedetalborjt.com\/en\/boutique\/eau-thermale-avene-xeracalm-a-d-creme-relipidante-200-ml\/","title":{"rendered":"Eau Thermale Avene XeraCalm A.D Cr\u00e8me Relipidante \u2013 200 ml"},"content":{"rendered":"<div aria-labelledby=\"tab-title-description\" class=\"woocommerce-Tabs-panel woocommerce-Tabs-panel--description panel entry-content wc-tab\" id=\"tab-description\" role=\"tabpanel\" style=\"\">\n<h2>Description<\/h2>\n<p>XERACALM A.D cr\u00e8me relipidante apaise les d\u00e9mangeaisons dues \u00e0 la s\u00e9cheresse de la peau et respecte le microbiome cutan\u00e9, gr\u00e2ce \u00e0 la combinaison d\u2019I-modulia\u00ae, 1er actif postbiotique issu de l\u2019Eau thermale d\u2019Av\u00e8ne, qui diminue les d\u00e9mangeaisons*, stimule les d\u00e9fenses de la peau et lutte contre les irritations, avec des Cer-omega, lipides semblables \u00e0 ceux de la peau qui agissent sur la s\u00e9cheresse et restaurent la barri\u00e8re cutan\u00e9e et l\u2019Eau thermale d\u2019Av\u00e8ne (apaisante, anti-irritante et adoucissante). Ce soin est id\u00e9alement formul\u00e9 pour les peaux tr\u00e8s s\u00e8ches sujettes \u00e0 l\u2019ecz\u00e9ma atopique et aux d\u00e9mangeaisons des nourrissons, des enfants et des adultes. Non com\u00e9dog\u00e8ne et sans parfum, il a \u00e9t\u00e9 \u00e9labor\u00e9 en vue de minimiser les risques de r\u00e9actions allergiques et ne contient que les ingr\u00e9dients utiles pour la peau.<br \/>\nCe soin haute performance garantit une s\u00e9curit\u00e9 et un respect optimal de la peau et du microbiome cutan\u00e9 en raison de la Cosm\u00e9tique St\u00e9rile\u00ae, une technologie unique permettant de maintenir le produit st\u00e9rile tout au long de son utilisation et son tube pompe parfaitement herm\u00e9tique.<\/p>\n<p>Conseil d\u2019utilisation:<br \/>\nD\u00e9posez la cr\u00e8me dans le creux de la main puis l\u2019\u00e9taler sur tout le corps.<\/p>\n<p>Astuce de l\u2019expert:<br \/>\nPour une application en douceur, \u00e9talez d\u2019abord la cr\u00e8me dans les mains puis l\u2019\u00e9taler sur tout le corps avec tout la surface des mains en faisant de larges mouvements. Evitez de frictionner la peau pour ne pas l\u2019irriter.<\/p>\n<p>*Dues \u00e0 la s\u00e9cheresse cutan\u00e9e.<\/p>\n<\/div>","protected":false},"excerpt":{"rendered":"<p>Highlights:\u2022 ANTI-D\u00c9MANGEAISONS : une efficacit\u00e9 reconnue par des dermatologues du Forum Europ\u00e9en de Dermatologie dans la prise en charge de l\u2019ecz\u00e9ma atopique (cat\u00e9gorie \u00ab\u00a0Emollient PLUS**).\u2022 RELIPIDANT : soulage les peaux tr\u00e8s s\u00e8ches sujettes \u00e0 l\u2019ecz\u00e9ma atopique et aux d\u00e9mangeaisons.\u2022 APAISANT gr\u00e2ce \u00e0 l\u2019Eau thermale d\u2019Av\u00e8ne.<\/p>","protected":false},"featured_media":47591,"comment_status":"open","ping_status":"closed","template":"","meta":[],"pwb-brand":[1771],"product_cat":[16],"product_tag":[],"class_list":{"0":"post-47590","1":"product","2":"type-product","3":"status-publish","4":"has-post-thumbnail","6":"pwb-brand-avene","7":"product_cat-non-classe","8":"pa_brands-avene","10":"first","11":"instock","12":"sale","13":"shipping-taxable","14":"purchasable","15":"product-type-simple"},"yoast_head":"<!-- This site is optimized with the Yoast SEO plugin v27.5 - https:\/\/yoast.com\/product\/yoast-seo-wordpress\/ -->\n<title>Eau Thermale Avene XeraCalm A.D Cr\u00e8me Relipidante \u2013 200 ml - paragaleriedetalborjt<\/title>\n<meta name=\"robots\" content=\"index, follow, max-snippet:-1, max-image-preview:large, max-video-preview:-1\" \/>\n<link rel=\"canonical\" href=\"https:\/\/paragaleriedetalborjt.com\/en\/boutique\/eau-thermale-avene-xeracalm-a-d-creme-relipidante-200-ml\/\" \/>\n<meta property=\"og:locale\" content=\"en_US\" \/>\n<meta property=\"og:type\" content=\"article\" \/>\n<meta property=\"og:title\" content=\"Eau Thermale Avene XeraCalm A.D Cr\u00e8me Relipidante \u2013 200 ml - paragaleriedetalborjt\" \/>\n<meta property=\"og:description\" content=\"Highlights:\u2022 ANTI-D\u00c9MANGEAISONS : une efficacit\u00e9 reconnue par des dermatologues du Forum Europ\u00e9en de Dermatologie dans la prise en charge de l\u2019ecz\u00e9ma atopique (cat\u00e9gorie \u00ab\u00a0Emollient PLUS**).\u2022 RELIPIDANT : soulage les peaux tr\u00e8s s\u00e8ches sujettes \u00e0 l\u2019ecz\u00e9ma atopique et aux d\u00e9mangeaisons.\u2022 APAISANT gr\u00e2ce \u00e0 l\u2019Eau thermale d\u2019Av\u00e8ne.\" \/>\n<meta property=\"og:url\" content=\"https:\/\/paragaleriedetalborjt.com\/en\/boutique\/eau-thermale-avene-xeracalm-a-d-creme-relipidante-200-ml\/\" \/>\n<meta property=\"og:site_name\" content=\"paragaleriedetalborjt\" \/>\n<meta property=\"article:modified_time\" content=\"2026-01-04T13:32:03+00:00\" \/>\n<meta property=\"og:image\" content=\"https:\/\/paragaleriedetalborjt.com\/wp-content\/uploads\/2026\/01\/Eau-Thermale-Avene-Creme-relipidante-XERACALM-A.D-200-ml.jpg\" \/>\n\t<meta property=\"og:image:width\" content=\"595\" \/>\n\t<meta property=\"og:image:height\" content=\"656\" \/>\n\t<meta property=\"og:image:type\" content=\"image\/jpeg\" \/>\n<meta name=\"twitter:card\" content=\"summary_large_image\" \/>\n<meta name=\"twitter:label1\" content=\"Est. reading time\" \/>\n\t<meta name=\"twitter:data1\" content=\"1 minute\" \/>\n<script type=\"application\/ld+json\" class=\"yoast-schema-graph\">{\"@context\":\"https:\\\/\\\/schema.org\",\"@graph\":[{\"@type\":\"WebPage\",\"@id\":\"https:\\\/\\\/paragaleriedetalborjt.com\\\/boutique\\\/eau-thermale-avene-xeracalm-a-d-creme-relipidante-200-ml\\\/\",\"url\":\"https:\\\/\\\/paragaleriedetalborjt.com\\\/boutique\\\/eau-thermale-avene-xeracalm-a-d-creme-relipidante-200-ml\\\/\",\"name\":\"Eau Thermale Avene XeraCalm A.D Cr\u00e8me Relipidante \u2013 200 ml - paragaleriedetalborjt\",\"isPartOf\":{\"@id\":\"https:\\\/\\\/paragaleriedetalborjt.com\\\/#website\"},\"primaryImageOfPage\":{\"@id\":\"https:\\\/\\\/paragaleriedetalborjt.com\\\/boutique\\\/eau-thermale-avene-xeracalm-a-d-creme-relipidante-200-ml\\\/#primaryimage\"},\"image\":{\"@id\":\"https:\\\/\\\/paragaleriedetalborjt.com\\\/boutique\\\/eau-thermale-avene-xeracalm-a-d-creme-relipidante-200-ml\\\/#primaryimage\"},\"thumbnailUrl\":\"https:\\\/\\\/paragaleriedetalborjt.com\\\/wp-content\\\/uploads\\\/2026\\\/01\\\/Eau-Thermale-Avene-Creme-relipidante-XERACALM-A.D-200-ml.jpg\",\"datePublished\":\"2026-01-04T00:21:25+00:00\",\"dateModified\":\"2026-01-04T13:32:03+00:00\",\"breadcrumb\":{\"@id\":\"https:\\\/\\\/paragaleriedetalborjt.com\\\/boutique\\\/eau-thermale-avene-xeracalm-a-d-creme-relipidante-200-ml\\\/#breadcrumb\"},\"inLanguage\":\"en-US\",\"potentialAction\":[{\"@type\":\"ReadAction\",\"target\":[\"https:\\\/\\\/paragaleriedetalborjt.com\\\/boutique\\\/eau-thermale-avene-xeracalm-a-d-creme-relipidante-200-ml\\\/\"]}]},{\"@type\":\"ImageObject\",\"inLanguage\":\"en-US\",\"@id\":\"https:\\\/\\\/paragaleriedetalborjt.com\\\/boutique\\\/eau-thermale-avene-xeracalm-a-d-creme-relipidante-200-ml\\\/#primaryimage\",\"url\":\"https:\\\/\\\/paragaleriedetalborjt.com\\\/wp-content\\\/uploads\\\/2026\\\/01\\\/Eau-Thermale-Avene-Creme-relipidante-XERACALM-A.D-200-ml.jpg\",\"contentUrl\":\"https:\\\/\\\/paragaleriedetalborjt.com\\\/wp-content\\\/uploads\\\/2026\\\/01\\\/Eau-Thermale-Avene-Creme-relipidante-XERACALM-A.D-200-ml.jpg\",\"width\":595,\"height\":656},{\"@type\":\"BreadcrumbList\",\"@id\":\"https:\\\/\\\/paragaleriedetalborjt.com\\\/boutique\\\/eau-thermale-avene-xeracalm-a-d-creme-relipidante-200-ml\\\/#breadcrumb\",\"itemListElement\":[{\"@type\":\"ListItem\",\"position\":1,\"name\":\"Accueil\",\"item\":\"https:\\\/\\\/paragaleriedetalborjt.com\\\/\"},{\"@type\":\"ListItem\",\"position\":2,\"name\":\"Boutique\",\"item\":\"https:\\\/\\\/paragaleriedetalborjt.com\\\/boutique\\\/\"},{\"@type\":\"ListItem\",\"position\":3,\"name\":\"Eau Thermale Avene XeraCalm A.D Cr\u00e8me Relipidante \u2013 200 ml\"}]},{\"@type\":\"WebSite\",\"@id\":\"https:\\\/\\\/paragaleriedetalborjt.com\\\/#website\",\"url\":\"https:\\\/\\\/paragaleriedetalborjt.com\\\/\",\"name\":\"paragaleriedetalborjt\",\"description\":\"\",\"potentialAction\":[{\"@type\":\"SearchAction\",\"target\":{\"@type\":\"EntryPoint\",\"urlTemplate\":\"https:\\\/\\\/paragaleriedetalborjt.com\\\/?s={search_term_string}\"},\"query-input\":{\"@type\":\"PropertyValueSpecification\",\"valueRequired\":true,\"valueName\":\"search_term_string\"}}],\"inLanguage\":\"en-US\"}]}<\/script>\n<!-- \/ Yoast SEO plugin. -->","yoast_head_json":{"title":"Eau Thermale Avene XeraCalm A.D Cr\u00e8me Relipidante \u2013 200 ml - paragaleriedetalborjt","robots":{"index":"index","follow":"follow","max-snippet":"max-snippet:-1","max-image-preview":"max-image-preview:large","max-video-preview":"max-video-preview:-1"},"canonical":"https:\/\/paragaleriedetalborjt.com\/en\/boutique\/eau-thermale-avene-xeracalm-a-d-creme-relipidante-200-ml\/","og_locale":"en_US","og_type":"article","og_title":"Eau Thermale Avene XeraCalm A.D Cr\u00e8me Relipidante \u2013 200 ml - paragaleriedetalborjt","og_description":"Highlights:\u2022 ANTI-D\u00c9MANGEAISONS : une efficacit\u00e9 reconnue par des dermatologues du Forum Europ\u00e9en de Dermatologie dans la prise en charge de l\u2019ecz\u00e9ma atopique (cat\u00e9gorie \u00ab\u00a0Emollient PLUS**).\u2022 RELIPIDANT : soulage les peaux tr\u00e8s s\u00e8ches sujettes \u00e0 l\u2019ecz\u00e9ma atopique et aux d\u00e9mangeaisons.\u2022 APAISANT gr\u00e2ce \u00e0 l\u2019Eau thermale d\u2019Av\u00e8ne.","og_url":"https:\/\/paragaleriedetalborjt.com\/en\/boutique\/eau-thermale-avene-xeracalm-a-d-creme-relipidante-200-ml\/","og_site_name":"paragaleriedetalborjt","article_modified_time":"2026-01-04T13:32:03+00:00","og_image":[{"width":595,"height":656,"url":"https:\/\/paragaleriedetalborjt.com\/wp-content\/uploads\/2026\/01\/Eau-Thermale-Avene-Creme-relipidante-XERACALM-A.D-200-ml.jpg","type":"image\/jpeg"}],"twitter_card":"summary_large_image","twitter_misc":{"Est. reading time":"1 minute"},"schema":{"@context":"https:\/\/schema.org","@graph":[{"@type":"WebPage","@id":"https:\/\/paragaleriedetalborjt.com\/boutique\/eau-thermale-avene-xeracalm-a-d-creme-relipidante-200-ml\/","url":"https:\/\/paragaleriedetalborjt.com\/boutique\/eau-thermale-avene-xeracalm-a-d-creme-relipidante-200-ml\/","name":"Eau Thermale Avene XeraCalm A.D Cr\u00e8me Relipidante \u2013 200 ml - paragaleriedetalborjt","isPartOf":{"@id":"https:\/\/paragaleriedetalborjt.com\/#website"},"primaryImageOfPage":{"@id":"https:\/\/paragaleriedetalborjt.com\/boutique\/eau-thermale-avene-xeracalm-a-d-creme-relipidante-200-ml\/#primaryimage"},"image":{"@id":"https:\/\/paragaleriedetalborjt.com\/boutique\/eau-thermale-avene-xeracalm-a-d-creme-relipidante-200-ml\/#primaryimage"},"thumbnailUrl":"https:\/\/paragaleriedetalborjt.com\/wp-content\/uploads\/2026\/01\/Eau-Thermale-Avene-Creme-relipidante-XERACALM-A.D-200-ml.jpg","datePublished":"2026-01-04T00:21:25+00:00","dateModified":"2026-01-04T13:32:03+00:00","breadcrumb":{"@id":"https:\/\/paragaleriedetalborjt.com\/boutique\/eau-thermale-avene-xeracalm-a-d-creme-relipidante-200-ml\/#breadcrumb"},"inLanguage":"en-US","potentialAction":[{"@type":"ReadAction","target":["https:\/\/paragaleriedetalborjt.com\/boutique\/eau-thermale-avene-xeracalm-a-d-creme-relipidante-200-ml\/"]}]},{"@type":"ImageObject","inLanguage":"en-US","@id":"https:\/\/paragaleriedetalborjt.com\/boutique\/eau-thermale-avene-xeracalm-a-d-creme-relipidante-200-ml\/#primaryimage","url":"https:\/\/paragaleriedetalborjt.com\/wp-content\/uploads\/2026\/01\/Eau-Thermale-Avene-Creme-relipidante-XERACALM-A.D-200-ml.jpg","contentUrl":"https:\/\/paragaleriedetalborjt.com\/wp-content\/uploads\/2026\/01\/Eau-Thermale-Avene-Creme-relipidante-XERACALM-A.D-200-ml.jpg","width":595,"height":656},{"@type":"BreadcrumbList","@id":"https:\/\/paragaleriedetalborjt.com\/boutique\/eau-thermale-avene-xeracalm-a-d-creme-relipidante-200-ml\/#breadcrumb","itemListElement":[{"@type":"ListItem","position":1,"name":"Accueil","item":"https:\/\/paragaleriedetalborjt.com\/"},{"@type":"ListItem","position":2,"name":"Boutique","item":"https:\/\/paragaleriedetalborjt.com\/boutique\/"},{"@type":"ListItem","position":3,"name":"Eau Thermale Avene XeraCalm A.D Cr\u00e8me Relipidante \u2013 200 ml"}]},{"@type":"WebSite","@id":"https:\/\/paragaleriedetalborjt.com\/#website","url":"https:\/\/paragaleriedetalborjt.com\/","name":"paragaleriedetalborjt","description":"","potentialAction":[{"@type":"SearchAction","target":{"@type":"EntryPoint","urlTemplate":"https:\/\/paragaleriedetalborjt.com\/?s={search_term_string}"},"query-input":{"@type":"PropertyValueSpecification","valueRequired":true,"valueName":"search_term_string"}}],"inLanguage":"en-US"}]}},"brands":[{"id":1771,"name":"AV\u00c8NE","slug":"avene"}],"_links":{"self":[{"href":"https:\/\/paragaleriedetalborjt.com\/en\/wp-json\/wp\/v2\/product\/47590","targetHints":{"allow":["GET"]}}],"collection":[{"href":"https:\/\/paragaleriedetalborjt.com\/en\/wp-json\/wp\/v2\/product"}],"about":[{"href":"https:\/\/paragaleriedetalborjt.com\/en\/wp-json\/wp\/v2\/types\/product"}],"replies":[{"embeddable":true,"href":"https:\/\/paragaleriedetalborjt.com\/en\/wp-json\/wp\/v2\/comments?post=47590"}],"version-history":[{"count":1,"href":"https:\/\/paragaleriedetalborjt.com\/en\/wp-json\/wp\/v2\/product\/47590\/revisions"}],"predecessor-version":[{"id":47592,"href":"https:\/\/paragaleriedetalborjt.com\/en\/wp-json\/wp\/v2\/product\/47590\/revisions\/47592"}],"wp:featuredmedia":[{"embeddable":true,"href":"https:\/\/paragaleriedetalborjt.com\/en\/wp-json\/wp\/v2\/media\/47591"}],"wp:attachment":[{"href":"https:\/\/paragaleriedetalborjt.com\/en\/wp-json\/wp\/v2\/media?parent=47590"}],"wp:term":[{"taxonomy":"pwb-brand","embeddable":true,"href":"https:\/\/paragaleriedetalborjt.com\/en\/wp-json\/wp\/v2\/pwb-brand?post=47590"},{"taxonomy":"product_cat","embeddable":true,"href":"https:\/\/paragaleriedetalborjt.com\/en\/wp-json\/wp\/v2\/product_cat?post=47590"},{"taxonomy":"product_tag","embeddable":true,"href":"https:\/\/paragaleriedetalborjt.com\/en\/wp-json\/wp\/v2\/product_tag?post=47590"}],"curies":[{"name":"wp","href":"https:\/\/api.w.org\/{rel}","templated":true}]}}