{"id":46855,"date":"2026-01-04T00:41:58","date_gmt":"2026-01-03T23:41:58","guid":{"rendered":"https:\/\/paragaleriedetalborjt.com\/?post_type=product&#038;p=46855"},"modified":"2026-01-04T00:41:58","modified_gmt":"2026-01-03T23:41:58","slug":"klorane-savon-surgras-doux-calendula-apaisant-bebe-peau-normale-visage-et-corps-250-g","status":"publish","type":"product","link":"https:\/\/paragaleriedetalborjt.com\/en\/boutique\/klorane-savon-surgras-doux-calendula-apaisant-bebe-peau-normale-visage-et-corps-250-g\/","title":{"rendered":"Klorane \u2013 Savon surgras doux Calendula apaisant \u2013 B\u00e9b\u00e9 \u2013 Peau normale \u2013 Visage et Corps 250 g"},"content":{"rendered":"<div aria-labelledby=\"tab-title-description\" class=\"woocommerce-Tabs-panel woocommerce-Tabs-panel--description panel entry-content wc-tab\" id=\"tab-description\" role=\"tabpanel\" style=\"\">\n<h2>Description<\/h2>\n<p>Id\u00e9al pour la toilette quotidienne des peaux normales ou sensibles, il apaise et prot\u00e8ge le film hydrolipidique d\u00e8s la naissance. L\u2019\u00e9quilibre de la peau est respect\u00e9, et son hydratation pr\u00e9serv\u00e9e gr\u00e2ce \u00e0 une formule naturelle** et biod\u00e9gradable* \u00e0 l\u2019extrait de Calendula obtenu \u00e0 partir de fleurs issues de culture BIO. Nourrie et apais\u00e9e, la peau s\u2019enveloppe d\u2019un doux parfum aux vertus relaxantes. B\u00e9b\u00e9 va l\u2019adorer.*Selon le test OCDE301B. **97% d\u2019ingr\u00e9dients d\u2019origine naturelle.<\/p>\n<p>\u00ab\u00a0\u2013 Nettoyant : nettoie en douceur la peau du corps et du visage, sans irriter ni dess\u00e9cher. \u2013 Apaisant : le Savon surgras limite les sensations de tiraillement et apaise l\u2019\u00e9piderme gr\u00e2ce \u00e0 ses agents hydratants, dont l\u2019huile naturelle de cameline et et \u00e0 l\u2019extrait de Calendula apaisant obtenu \u00e0 partir de fleurs issues de culture BIO. \u2013 Nourrissant : sa formule surgrasse prot\u00e8ge la peau des agressions ext\u00e9rieures et renforce le film hydrolipidique.\u00a0\u00bb<\/p>\n<p><strong>Conseils d\u2019utilisation :<\/strong><\/p>\n<\/p>\n<p><main role=\"main\"><\/p>\n<div class=\"layout-content\">\n<div class=\"region region-content\">\n<div class=\"block block-system block-system-main-block\" id=\"block-wecontent-theme-content\">\n<div class=\"container mt-3 mb-5\">\n<div class=\"tab-content\" id=\"tabsProductView\">\n<div class=\"tab-pane active\" id=\"basic-content\">\n<div class=\"row\">\n<div class=\"col-12 col-lg-8 aos-init aos-animate\" data-aos=\"fade-left\" data-aos-delay=\"500\">\n<div class=\"white-bg pb-4\">\n<div class=\"product-info-main\">\n<div class=\"description mt-4\">\n<div>Faire mousser sur le corps et le visage pr\u00e9alablement mouill\u00e9s. Rincer en cas de contact avec les yeux.<\/div>\n<\/div>\n<\/div>\n<\/div>\n<\/div>\n<\/div>\n<\/div>\n<\/div>\n<\/div>\n<\/div>\n<\/div>\n<\/div>\n<p><\/main><\/p>\n<footer role=\"contentinfo\">\n<div class=\"region region-footer pf-footer aos-init\" data-aos=\"fade\">\n<div class=\"container\"><\/div>\n<\/div>\n<\/footer>\n<div id=\"gtx-trans\" style=\"position: absolute;left: -46px;top: -14px\">\n<div class=\"gtx-trans-icon\"><\/div>\n<\/div>\n<\/div>","protected":false},"excerpt":{"rendered":"<p>Highlights:Naturellement doux et nourrissant, le Savon surgras Klorane B\u00e9b\u00e9 nettoie visage et corps.<\/p>","protected":false},"featured_media":46856,"comment_status":"open","ping_status":"closed","template":"","meta":[],"pwb-brand":[1573],"product_cat":[16],"product_tag":[],"class_list":{"0":"post-46855","1":"product","2":"type-product","3":"status-publish","4":"has-post-thumbnail","6":"pwb-brand-klorane","7":"product_cat-non-classe","8":"pa_brands-klorane","10":"first","11":"instock","12":"sale","13":"shipping-taxable","14":"purchasable","15":"product-type-simple"},"yoast_head":"<!-- This site is optimized with the Yoast SEO plugin v27.5 - https:\/\/yoast.com\/product\/yoast-seo-wordpress\/ -->\n<title>Klorane \u2013 Savon surgras doux Calendula apaisant \u2013 B\u00e9b\u00e9 \u2013 Peau normale \u2013 Visage et Corps 250 g - paragaleriedetalborjt<\/title>\n<meta name=\"robots\" content=\"index, follow, max-snippet:-1, max-image-preview:large, max-video-preview:-1\" \/>\n<link rel=\"canonical\" href=\"https:\/\/paragaleriedetalborjt.com\/en\/boutique\/klorane-savon-surgras-doux-calendula-apaisant-bebe-peau-normale-visage-et-corps-250-g\/\" \/>\n<meta property=\"og:locale\" content=\"en_US\" \/>\n<meta property=\"og:type\" content=\"article\" \/>\n<meta property=\"og:title\" content=\"Klorane \u2013 Savon surgras doux Calendula apaisant \u2013 B\u00e9b\u00e9 \u2013 Peau normale \u2013 Visage et Corps 250 g - paragaleriedetalborjt\" \/>\n<meta property=\"og:description\" content=\"Highlights:Naturellement doux et nourrissant, le Savon surgras Klorane B\u00e9b\u00e9 nettoie visage et corps.\" \/>\n<meta property=\"og:url\" content=\"https:\/\/paragaleriedetalborjt.com\/en\/boutique\/klorane-savon-surgras-doux-calendula-apaisant-bebe-peau-normale-visage-et-corps-250-g\/\" \/>\n<meta property=\"og:site_name\" content=\"paragaleriedetalborjt\" \/>\n<meta property=\"og:image\" content=\"https:\/\/paragaleriedetalborjt.com\/wp-content\/uploads\/2026\/01\/3282770104738.jpg\" \/>\n\t<meta property=\"og:image:width\" content=\"595\" \/>\n\t<meta property=\"og:image:height\" content=\"655\" \/>\n\t<meta property=\"og:image:type\" content=\"image\/jpeg\" \/>\n<meta name=\"twitter:card\" content=\"summary_large_image\" \/>\n<meta name=\"twitter:label1\" content=\"Est. reading time\" \/>\n\t<meta name=\"twitter:data1\" content=\"1 minute\" \/>\n<script type=\"application\/ld+json\" class=\"yoast-schema-graph\">{\"@context\":\"https:\\\/\\\/schema.org\",\"@graph\":[{\"@type\":\"WebPage\",\"@id\":\"https:\\\/\\\/paragaleriedetalborjt.com\\\/boutique\\\/klorane-savon-surgras-doux-calendula-apaisant-bebe-peau-normale-visage-et-corps-250-g\\\/\",\"url\":\"https:\\\/\\\/paragaleriedetalborjt.com\\\/boutique\\\/klorane-savon-surgras-doux-calendula-apaisant-bebe-peau-normale-visage-et-corps-250-g\\\/\",\"name\":\"Klorane \u2013 Savon surgras doux Calendula apaisant \u2013 B\u00e9b\u00e9 \u2013 Peau normale \u2013 Visage et Corps 250 g - paragaleriedetalborjt\",\"isPartOf\":{\"@id\":\"https:\\\/\\\/paragaleriedetalborjt.com\\\/#website\"},\"primaryImageOfPage\":{\"@id\":\"https:\\\/\\\/paragaleriedetalborjt.com\\\/boutique\\\/klorane-savon-surgras-doux-calendula-apaisant-bebe-peau-normale-visage-et-corps-250-g\\\/#primaryimage\"},\"image\":{\"@id\":\"https:\\\/\\\/paragaleriedetalborjt.com\\\/boutique\\\/klorane-savon-surgras-doux-calendula-apaisant-bebe-peau-normale-visage-et-corps-250-g\\\/#primaryimage\"},\"thumbnailUrl\":\"https:\\\/\\\/paragaleriedetalborjt.com\\\/wp-content\\\/uploads\\\/2026\\\/01\\\/3282770104738.jpg\",\"datePublished\":\"2026-01-03T23:41:58+00:00\",\"breadcrumb\":{\"@id\":\"https:\\\/\\\/paragaleriedetalborjt.com\\\/boutique\\\/klorane-savon-surgras-doux-calendula-apaisant-bebe-peau-normale-visage-et-corps-250-g\\\/#breadcrumb\"},\"inLanguage\":\"en-US\",\"potentialAction\":[{\"@type\":\"ReadAction\",\"target\":[\"https:\\\/\\\/paragaleriedetalborjt.com\\\/boutique\\\/klorane-savon-surgras-doux-calendula-apaisant-bebe-peau-normale-visage-et-corps-250-g\\\/\"]}]},{\"@type\":\"ImageObject\",\"inLanguage\":\"en-US\",\"@id\":\"https:\\\/\\\/paragaleriedetalborjt.com\\\/boutique\\\/klorane-savon-surgras-doux-calendula-apaisant-bebe-peau-normale-visage-et-corps-250-g\\\/#primaryimage\",\"url\":\"https:\\\/\\\/paragaleriedetalborjt.com\\\/wp-content\\\/uploads\\\/2026\\\/01\\\/3282770104738.jpg\",\"contentUrl\":\"https:\\\/\\\/paragaleriedetalborjt.com\\\/wp-content\\\/uploads\\\/2026\\\/01\\\/3282770104738.jpg\",\"width\":595,\"height\":655},{\"@type\":\"BreadcrumbList\",\"@id\":\"https:\\\/\\\/paragaleriedetalborjt.com\\\/boutique\\\/klorane-savon-surgras-doux-calendula-apaisant-bebe-peau-normale-visage-et-corps-250-g\\\/#breadcrumb\",\"itemListElement\":[{\"@type\":\"ListItem\",\"position\":1,\"name\":\"Accueil\",\"item\":\"https:\\\/\\\/paragaleriedetalborjt.com\\\/\"},{\"@type\":\"ListItem\",\"position\":2,\"name\":\"Boutique\",\"item\":\"https:\\\/\\\/paragaleriedetalborjt.com\\\/boutique\\\/\"},{\"@type\":\"ListItem\",\"position\":3,\"name\":\"Klorane \u2013 Savon surgras doux Calendula apaisant \u2013 B\u00e9b\u00e9 \u2013 Peau normale \u2013 Visage et Corps 250 g\"}]},{\"@type\":\"WebSite\",\"@id\":\"https:\\\/\\\/paragaleriedetalborjt.com\\\/#website\",\"url\":\"https:\\\/\\\/paragaleriedetalborjt.com\\\/\",\"name\":\"paragaleriedetalborjt\",\"description\":\"\",\"potentialAction\":[{\"@type\":\"SearchAction\",\"target\":{\"@type\":\"EntryPoint\",\"urlTemplate\":\"https:\\\/\\\/paragaleriedetalborjt.com\\\/?s={search_term_string}\"},\"query-input\":{\"@type\":\"PropertyValueSpecification\",\"valueRequired\":true,\"valueName\":\"search_term_string\"}}],\"inLanguage\":\"en-US\"}]}<\/script>\n<!-- \/ Yoast SEO plugin. -->","yoast_head_json":{"title":"Klorane \u2013 Savon surgras doux Calendula apaisant \u2013 B\u00e9b\u00e9 \u2013 Peau normale \u2013 Visage et Corps 250 g - paragaleriedetalborjt","robots":{"index":"index","follow":"follow","max-snippet":"max-snippet:-1","max-image-preview":"max-image-preview:large","max-video-preview":"max-video-preview:-1"},"canonical":"https:\/\/paragaleriedetalborjt.com\/en\/boutique\/klorane-savon-surgras-doux-calendula-apaisant-bebe-peau-normale-visage-et-corps-250-g\/","og_locale":"en_US","og_type":"article","og_title":"Klorane \u2013 Savon surgras doux Calendula apaisant \u2013 B\u00e9b\u00e9 \u2013 Peau normale \u2013 Visage et Corps 250 g - paragaleriedetalborjt","og_description":"Highlights:Naturellement doux et nourrissant, le Savon surgras Klorane B\u00e9b\u00e9 nettoie visage et corps.","og_url":"https:\/\/paragaleriedetalborjt.com\/en\/boutique\/klorane-savon-surgras-doux-calendula-apaisant-bebe-peau-normale-visage-et-corps-250-g\/","og_site_name":"paragaleriedetalborjt","og_image":[{"width":595,"height":655,"url":"https:\/\/paragaleriedetalborjt.com\/wp-content\/uploads\/2026\/01\/3282770104738.jpg","type":"image\/jpeg"}],"twitter_card":"summary_large_image","twitter_misc":{"Est. reading time":"1 minute"},"schema":{"@context":"https:\/\/schema.org","@graph":[{"@type":"WebPage","@id":"https:\/\/paragaleriedetalborjt.com\/boutique\/klorane-savon-surgras-doux-calendula-apaisant-bebe-peau-normale-visage-et-corps-250-g\/","url":"https:\/\/paragaleriedetalborjt.com\/boutique\/klorane-savon-surgras-doux-calendula-apaisant-bebe-peau-normale-visage-et-corps-250-g\/","name":"Klorane \u2013 Savon surgras doux Calendula apaisant \u2013 B\u00e9b\u00e9 \u2013 Peau normale \u2013 Visage et Corps 250 g - paragaleriedetalborjt","isPartOf":{"@id":"https:\/\/paragaleriedetalborjt.com\/#website"},"primaryImageOfPage":{"@id":"https:\/\/paragaleriedetalborjt.com\/boutique\/klorane-savon-surgras-doux-calendula-apaisant-bebe-peau-normale-visage-et-corps-250-g\/#primaryimage"},"image":{"@id":"https:\/\/paragaleriedetalborjt.com\/boutique\/klorane-savon-surgras-doux-calendula-apaisant-bebe-peau-normale-visage-et-corps-250-g\/#primaryimage"},"thumbnailUrl":"https:\/\/paragaleriedetalborjt.com\/wp-content\/uploads\/2026\/01\/3282770104738.jpg","datePublished":"2026-01-03T23:41:58+00:00","breadcrumb":{"@id":"https:\/\/paragaleriedetalborjt.com\/boutique\/klorane-savon-surgras-doux-calendula-apaisant-bebe-peau-normale-visage-et-corps-250-g\/#breadcrumb"},"inLanguage":"en-US","potentialAction":[{"@type":"ReadAction","target":["https:\/\/paragaleriedetalborjt.com\/boutique\/klorane-savon-surgras-doux-calendula-apaisant-bebe-peau-normale-visage-et-corps-250-g\/"]}]},{"@type":"ImageObject","inLanguage":"en-US","@id":"https:\/\/paragaleriedetalborjt.com\/boutique\/klorane-savon-surgras-doux-calendula-apaisant-bebe-peau-normale-visage-et-corps-250-g\/#primaryimage","url":"https:\/\/paragaleriedetalborjt.com\/wp-content\/uploads\/2026\/01\/3282770104738.jpg","contentUrl":"https:\/\/paragaleriedetalborjt.com\/wp-content\/uploads\/2026\/01\/3282770104738.jpg","width":595,"height":655},{"@type":"BreadcrumbList","@id":"https:\/\/paragaleriedetalborjt.com\/boutique\/klorane-savon-surgras-doux-calendula-apaisant-bebe-peau-normale-visage-et-corps-250-g\/#breadcrumb","itemListElement":[{"@type":"ListItem","position":1,"name":"Accueil","item":"https:\/\/paragaleriedetalborjt.com\/"},{"@type":"ListItem","position":2,"name":"Boutique","item":"https:\/\/paragaleriedetalborjt.com\/boutique\/"},{"@type":"ListItem","position":3,"name":"Klorane \u2013 Savon surgras doux Calendula apaisant \u2013 B\u00e9b\u00e9 \u2013 Peau normale \u2013 Visage et Corps 250 g"}]},{"@type":"WebSite","@id":"https:\/\/paragaleriedetalborjt.com\/#website","url":"https:\/\/paragaleriedetalborjt.com\/","name":"paragaleriedetalborjt","description":"","potentialAction":[{"@type":"SearchAction","target":{"@type":"EntryPoint","urlTemplate":"https:\/\/paragaleriedetalborjt.com\/?s={search_term_string}"},"query-input":{"@type":"PropertyValueSpecification","valueRequired":true,"valueName":"search_term_string"}}],"inLanguage":"en-US"}]}},"brands":[{"id":1573,"name":"KLORANE","slug":"klorane"}],"_links":{"self":[{"href":"https:\/\/paragaleriedetalborjt.com\/en\/wp-json\/wp\/v2\/product\/46855","targetHints":{"allow":["GET"]}}],"collection":[{"href":"https:\/\/paragaleriedetalborjt.com\/en\/wp-json\/wp\/v2\/product"}],"about":[{"href":"https:\/\/paragaleriedetalborjt.com\/en\/wp-json\/wp\/v2\/types\/product"}],"replies":[{"embeddable":true,"href":"https:\/\/paragaleriedetalborjt.com\/en\/wp-json\/wp\/v2\/comments?post=46855"}],"version-history":[{"count":1,"href":"https:\/\/paragaleriedetalborjt.com\/en\/wp-json\/wp\/v2\/product\/46855\/revisions"}],"predecessor-version":[{"id":46857,"href":"https:\/\/paragaleriedetalborjt.com\/en\/wp-json\/wp\/v2\/product\/46855\/revisions\/46857"}],"wp:featuredmedia":[{"embeddable":true,"href":"https:\/\/paragaleriedetalborjt.com\/en\/wp-json\/wp\/v2\/media\/46856"}],"wp:attachment":[{"href":"https:\/\/paragaleriedetalborjt.com\/en\/wp-json\/wp\/v2\/media?parent=46855"}],"wp:term":[{"taxonomy":"pwb-brand","embeddable":true,"href":"https:\/\/paragaleriedetalborjt.com\/en\/wp-json\/wp\/v2\/pwb-brand?post=46855"},{"taxonomy":"product_cat","embeddable":true,"href":"https:\/\/paragaleriedetalborjt.com\/en\/wp-json\/wp\/v2\/product_cat?post=46855"},{"taxonomy":"product_tag","embeddable":true,"href":"https:\/\/paragaleriedetalborjt.com\/en\/wp-json\/wp\/v2\/product_tag?post=46855"}],"curies":[{"name":"wp","href":"https:\/\/api.w.org\/{rel}","templated":true}]}}