{"id":39220,"date":"2026-01-03T18:54:41","date_gmt":"2026-01-03T17:54:41","guid":{"rendered":"https:\/\/paragaleriedetalborjt.com\/?post_type=product&#038;p=39220"},"modified":"2026-01-03T20:16:05","modified_gmt":"2026-01-03T19:16:05","slug":"klorane-shampoing-demelant-au-calendula-apaisant-bebe-cheveux-delicats-200-ml","status":"publish","type":"product","link":"https:\/\/paragaleriedetalborjt.com\/en\/boutique\/klorane-shampoing-demelant-au-calendula-apaisant-bebe-cheveux-delicats-200-ml\/","title":{"rendered":"Klorane \u2013 Shampoing d\u00e9m\u00ealant au Calendula apaisant \u2013 B\u00e9b\u00e9 \u2013 Cheveux d\u00e9licats 200 ml"},"content":{"rendered":"<div aria-labelledby=\"tab-title-description\" class=\"woocommerce-Tabs-panel woocommerce-Tabs-panel--description panel entry-content wc-tab\" id=\"tab-description\" role=\"tabpanel\" style=\"\">\n<h2>Description<\/h2>\n<p>Sa formule totalement biod\u00e9gradable* et test\u00e9e sous contr\u00f4le p\u00e9diatrique** contient des agents d\u00e9m\u00ealants, pour des cheveux souples et soyeux d\u00e8s la sortie du bain. Son parfum relaxant enveloppe d\u2019une bulle de douceur le moment d\u00e9licat du coiffage.*Selon la norme OCDE301B.**Excellente tol\u00e9rance p\u00e9diatrique \u2013 \u00e9tude de tol\u00e9rance sous contr\u00f4le p\u00e9diatrique chez 33 nourrissons \u2013 pendant 21 jours.<\/p>\n<p><strong>Bienfaits :<\/strong><\/p>\n<p>\u00ab\u00a0\u2013 Nettoie : sa texture agr\u00e9ablement moussante lave efficacement et en douceur les cheveux et le cuir chevelu des tout-petits, sans piquer les yeux. \u2013 D\u00e9m\u00eale : la formule enrichie en agents d\u00e9m\u00ealants facilite le coiffage des cheveux d\u00e9licats et pr\u00e9vient les n\u0153uds et tiraillements. \u2013 Respecte : le Shampoing respecte l\u2019\u00e9quilibre fragile du cuir chevelu*** et des cheveux fins, \u00e9vitant ainsi irritations et dess\u00e8chements apr\u00e8s le bain.\u00a0\u00bb<\/p>\n<p><strong>Conseils d\u2019utilisation :<\/strong><\/p>\n<p>\u00a0<\/p>\n<div class=\"layout-content\">\n<div class=\"region region-content\">\n<div class=\"block block-system block-system-main-block\" id=\"block-wecontent-theme-content\">\n<div class=\"container mt-3 mb-5\">\n<div class=\"tab-content\" id=\"tabsProductView\">\n<div class=\"tab-pane active\" id=\"basic-content\">\n<div class=\"row\">\n<div class=\"col-12 col-lg-8 aos-init aos-animate\" data-aos=\"fade-left\" data-aos-delay=\"500\">\n<div class=\"white-bg pb-4\">\n<div class=\"product-info-main\">\n<div class=\"description mt-4\">\n<div>Faire mousser sur les cheveux pr\u00e9alablement mouill\u00e9s. Rincer en cas de contact avec les yeux.<\/div>\n<div><\/div>\n<div><strong>ingredients :\u00a0<\/strong><\/div>\n<div><\/div>\n<\/div>\n<\/div>\n<div>WATER (AQUA). GLYCERIN. COCO-GLUCOSIDE. CETEARETH-60 MYRISTYL GLYCOL. ZINC COCETH SULFATE. SODIUM COCOAMPHOACETATE. POLYSORBATE 20. FRAGRANCE (PARFUM). CALENDULA OFFICINALIS FLOWER EXTRACT. CITRIC ACID. DISODIUM LAURETH SULFOSUCCINATE. GLYCERYL OLEATE. HYDROGENATED PALM GLYCERIDES CITRATE. ISOLEUCINE. LAURETH-3. MALEIC ACID. POLYSORBATE 80. PROPYLENE GLYCOL. SODIUM BENZOATE. SODIUM CHLORIDE. SODIUM HYDROXIDE. TOCOPHEROL. TRISODIUM ETHYLENEDIAMINE DISUCCINATE<\/div>\n<\/div>\n<\/div>\n<\/div>\n<\/div>\n<\/div>\n<\/div>\n<\/div>\n<\/div>\n<\/div>\n<p>\u00a0<\/p>\n<div id=\"gtx-trans\" style=\"position: absolute; left: -194px; top: -14px;\">\n<div class=\"gtx-trans-icon\"><\/div>\n<\/div>\n<\/div>","protected":false},"excerpt":{"rendered":"<p>Highlights:Le Shampoing Klorane B\u00e9b\u00e9 aux fleurs de Calendula issues de culture BIO est sp\u00e9cialement doux pour nettoyer, d\u00e9m\u00ealer et respecter les cheveux fins et le cuir chevelu sensible des nourrissons.<\/p>","protected":false},"featured_media":39221,"comment_status":"open","ping_status":"closed","template":"","meta":[],"pwb-brand":[1573],"product_cat":[16],"product_tag":[],"class_list":{"0":"post-39220","1":"product","2":"type-product","3":"status-publish","4":"has-post-thumbnail","6":"pwb-brand-klorane","7":"product_cat-non-classe","8":"pa_brands-klorane","10":"first","11":"instock","12":"sale","13":"shipping-taxable","14":"purchasable","15":"product-type-simple"},"yoast_head":"<!-- This site is optimized with the Yoast SEO plugin v27.5 - https:\/\/yoast.com\/product\/yoast-seo-wordpress\/ -->\n<title>Klorane \u2013 Shampoing d\u00e9m\u00ealant au Calendula apaisant \u2013 B\u00e9b\u00e9 \u2013 Cheveux d\u00e9licats 200 ml - paragaleriedetalborjt<\/title>\n<meta name=\"robots\" content=\"index, follow, max-snippet:-1, max-image-preview:large, max-video-preview:-1\" \/>\n<link rel=\"canonical\" href=\"https:\/\/paragaleriedetalborjt.com\/en\/boutique\/klorane-shampoing-demelant-au-calendula-apaisant-bebe-cheveux-delicats-200-ml\/\" \/>\n<meta property=\"og:locale\" content=\"en_US\" \/>\n<meta property=\"og:type\" content=\"article\" \/>\n<meta property=\"og:title\" content=\"Klorane \u2013 Shampoing d\u00e9m\u00ealant au Calendula apaisant \u2013 B\u00e9b\u00e9 \u2013 Cheveux d\u00e9licats 200 ml - paragaleriedetalborjt\" \/>\n<meta property=\"og:description\" content=\"Highlights:Le Shampoing Klorane B\u00e9b\u00e9 aux fleurs de Calendula issues de culture BIO est sp\u00e9cialement doux pour nettoyer, d\u00e9m\u00ealer et respecter les cheveux fins et le cuir chevelu sensible des nourrissons.\" \/>\n<meta property=\"og:url\" content=\"https:\/\/paragaleriedetalborjt.com\/en\/boutique\/klorane-shampoing-demelant-au-calendula-apaisant-bebe-cheveux-delicats-200-ml\/\" \/>\n<meta property=\"og:site_name\" content=\"paragaleriedetalborjt\" \/>\n<meta property=\"article:modified_time\" content=\"2026-01-03T19:16:05+00:00\" \/>\n<meta property=\"og:image\" content=\"https:\/\/paragaleriedetalborjt.com\/wp-content\/uploads\/2026\/01\/3282770206418-Klorane-ShampoingdC3A9mC3AAlantauCalendulaapaisant-BC3A9bC3A9-CheveuxdC3A9licats-0170188001680879677-600x600-1.jpg\" \/>\n\t<meta property=\"og:image:width\" content=\"600\" \/>\n\t<meta property=\"og:image:height\" content=\"600\" \/>\n\t<meta property=\"og:image:type\" content=\"image\/jpeg\" \/>\n<meta name=\"twitter:card\" content=\"summary_large_image\" \/>\n<meta name=\"twitter:label1\" content=\"Est. reading time\" \/>\n\t<meta name=\"twitter:data1\" content=\"1 minute\" \/>\n<script type=\"application\/ld+json\" class=\"yoast-schema-graph\">{\"@context\":\"https:\\\/\\\/schema.org\",\"@graph\":[{\"@type\":\"WebPage\",\"@id\":\"https:\\\/\\\/paragaleriedetalborjt.com\\\/boutique\\\/klorane-shampoing-demelant-au-calendula-apaisant-bebe-cheveux-delicats-200-ml\\\/\",\"url\":\"https:\\\/\\\/paragaleriedetalborjt.com\\\/boutique\\\/klorane-shampoing-demelant-au-calendula-apaisant-bebe-cheveux-delicats-200-ml\\\/\",\"name\":\"Klorane \u2013 Shampoing d\u00e9m\u00ealant au Calendula apaisant \u2013 B\u00e9b\u00e9 \u2013 Cheveux d\u00e9licats 200 ml - paragaleriedetalborjt\",\"isPartOf\":{\"@id\":\"https:\\\/\\\/paragaleriedetalborjt.com\\\/#website\"},\"primaryImageOfPage\":{\"@id\":\"https:\\\/\\\/paragaleriedetalborjt.com\\\/boutique\\\/klorane-shampoing-demelant-au-calendula-apaisant-bebe-cheveux-delicats-200-ml\\\/#primaryimage\"},\"image\":{\"@id\":\"https:\\\/\\\/paragaleriedetalborjt.com\\\/boutique\\\/klorane-shampoing-demelant-au-calendula-apaisant-bebe-cheveux-delicats-200-ml\\\/#primaryimage\"},\"thumbnailUrl\":\"https:\\\/\\\/paragaleriedetalborjt.com\\\/wp-content\\\/uploads\\\/2026\\\/01\\\/3282770206418-Klorane-ShampoingdC3A9mC3AAlantauCalendulaapaisant-BC3A9bC3A9-CheveuxdC3A9licats-0170188001680879677-600x600-1.jpg\",\"datePublished\":\"2026-01-03T17:54:41+00:00\",\"dateModified\":\"2026-01-03T19:16:05+00:00\",\"breadcrumb\":{\"@id\":\"https:\\\/\\\/paragaleriedetalborjt.com\\\/boutique\\\/klorane-shampoing-demelant-au-calendula-apaisant-bebe-cheveux-delicats-200-ml\\\/#breadcrumb\"},\"inLanguage\":\"en-US\",\"potentialAction\":[{\"@type\":\"ReadAction\",\"target\":[\"https:\\\/\\\/paragaleriedetalborjt.com\\\/boutique\\\/klorane-shampoing-demelant-au-calendula-apaisant-bebe-cheveux-delicats-200-ml\\\/\"]}]},{\"@type\":\"ImageObject\",\"inLanguage\":\"en-US\",\"@id\":\"https:\\\/\\\/paragaleriedetalborjt.com\\\/boutique\\\/klorane-shampoing-demelant-au-calendula-apaisant-bebe-cheveux-delicats-200-ml\\\/#primaryimage\",\"url\":\"https:\\\/\\\/paragaleriedetalborjt.com\\\/wp-content\\\/uploads\\\/2026\\\/01\\\/3282770206418-Klorane-ShampoingdC3A9mC3AAlantauCalendulaapaisant-BC3A9bC3A9-CheveuxdC3A9licats-0170188001680879677-600x600-1.jpg\",\"contentUrl\":\"https:\\\/\\\/paragaleriedetalborjt.com\\\/wp-content\\\/uploads\\\/2026\\\/01\\\/3282770206418-Klorane-ShampoingdC3A9mC3AAlantauCalendulaapaisant-BC3A9bC3A9-CheveuxdC3A9licats-0170188001680879677-600x600-1.jpg\",\"width\":600,\"height\":600},{\"@type\":\"BreadcrumbList\",\"@id\":\"https:\\\/\\\/paragaleriedetalborjt.com\\\/boutique\\\/klorane-shampoing-demelant-au-calendula-apaisant-bebe-cheveux-delicats-200-ml\\\/#breadcrumb\",\"itemListElement\":[{\"@type\":\"ListItem\",\"position\":1,\"name\":\"Accueil\",\"item\":\"https:\\\/\\\/paragaleriedetalborjt.com\\\/\"},{\"@type\":\"ListItem\",\"position\":2,\"name\":\"Boutique\",\"item\":\"https:\\\/\\\/paragaleriedetalborjt.com\\\/boutique\\\/\"},{\"@type\":\"ListItem\",\"position\":3,\"name\":\"Klorane \u2013 Shampoing d\u00e9m\u00ealant au Calendula apaisant \u2013 B\u00e9b\u00e9 \u2013 Cheveux d\u00e9licats 200 ml\"}]},{\"@type\":\"WebSite\",\"@id\":\"https:\\\/\\\/paragaleriedetalborjt.com\\\/#website\",\"url\":\"https:\\\/\\\/paragaleriedetalborjt.com\\\/\",\"name\":\"paragaleriedetalborjt\",\"description\":\"\",\"potentialAction\":[{\"@type\":\"SearchAction\",\"target\":{\"@type\":\"EntryPoint\",\"urlTemplate\":\"https:\\\/\\\/paragaleriedetalborjt.com\\\/?s={search_term_string}\"},\"query-input\":{\"@type\":\"PropertyValueSpecification\",\"valueRequired\":true,\"valueName\":\"search_term_string\"}}],\"inLanguage\":\"en-US\"}]}<\/script>\n<!-- \/ Yoast SEO plugin. -->","yoast_head_json":{"title":"Klorane \u2013 Shampoing d\u00e9m\u00ealant au Calendula apaisant \u2013 B\u00e9b\u00e9 \u2013 Cheveux d\u00e9licats 200 ml - paragaleriedetalborjt","robots":{"index":"index","follow":"follow","max-snippet":"max-snippet:-1","max-image-preview":"max-image-preview:large","max-video-preview":"max-video-preview:-1"},"canonical":"https:\/\/paragaleriedetalborjt.com\/en\/boutique\/klorane-shampoing-demelant-au-calendula-apaisant-bebe-cheveux-delicats-200-ml\/","og_locale":"en_US","og_type":"article","og_title":"Klorane \u2013 Shampoing d\u00e9m\u00ealant au Calendula apaisant \u2013 B\u00e9b\u00e9 \u2013 Cheveux d\u00e9licats 200 ml - paragaleriedetalborjt","og_description":"Highlights:Le Shampoing Klorane B\u00e9b\u00e9 aux fleurs de Calendula issues de culture BIO est sp\u00e9cialement doux pour nettoyer, d\u00e9m\u00ealer et respecter les cheveux fins et le cuir chevelu sensible des nourrissons.","og_url":"https:\/\/paragaleriedetalborjt.com\/en\/boutique\/klorane-shampoing-demelant-au-calendula-apaisant-bebe-cheveux-delicats-200-ml\/","og_site_name":"paragaleriedetalborjt","article_modified_time":"2026-01-03T19:16:05+00:00","og_image":[{"width":600,"height":600,"url":"https:\/\/paragaleriedetalborjt.com\/wp-content\/uploads\/2026\/01\/3282770206418-Klorane-ShampoingdC3A9mC3AAlantauCalendulaapaisant-BC3A9bC3A9-CheveuxdC3A9licats-0170188001680879677-600x600-1.jpg","type":"image\/jpeg"}],"twitter_card":"summary_large_image","twitter_misc":{"Est. reading time":"1 minute"},"schema":{"@context":"https:\/\/schema.org","@graph":[{"@type":"WebPage","@id":"https:\/\/paragaleriedetalborjt.com\/boutique\/klorane-shampoing-demelant-au-calendula-apaisant-bebe-cheveux-delicats-200-ml\/","url":"https:\/\/paragaleriedetalborjt.com\/boutique\/klorane-shampoing-demelant-au-calendula-apaisant-bebe-cheveux-delicats-200-ml\/","name":"Klorane \u2013 Shampoing d\u00e9m\u00ealant au Calendula apaisant \u2013 B\u00e9b\u00e9 \u2013 Cheveux d\u00e9licats 200 ml - paragaleriedetalborjt","isPartOf":{"@id":"https:\/\/paragaleriedetalborjt.com\/#website"},"primaryImageOfPage":{"@id":"https:\/\/paragaleriedetalborjt.com\/boutique\/klorane-shampoing-demelant-au-calendula-apaisant-bebe-cheveux-delicats-200-ml\/#primaryimage"},"image":{"@id":"https:\/\/paragaleriedetalborjt.com\/boutique\/klorane-shampoing-demelant-au-calendula-apaisant-bebe-cheveux-delicats-200-ml\/#primaryimage"},"thumbnailUrl":"https:\/\/paragaleriedetalborjt.com\/wp-content\/uploads\/2026\/01\/3282770206418-Klorane-ShampoingdC3A9mC3AAlantauCalendulaapaisant-BC3A9bC3A9-CheveuxdC3A9licats-0170188001680879677-600x600-1.jpg","datePublished":"2026-01-03T17:54:41+00:00","dateModified":"2026-01-03T19:16:05+00:00","breadcrumb":{"@id":"https:\/\/paragaleriedetalborjt.com\/boutique\/klorane-shampoing-demelant-au-calendula-apaisant-bebe-cheveux-delicats-200-ml\/#breadcrumb"},"inLanguage":"en-US","potentialAction":[{"@type":"ReadAction","target":["https:\/\/paragaleriedetalborjt.com\/boutique\/klorane-shampoing-demelant-au-calendula-apaisant-bebe-cheveux-delicats-200-ml\/"]}]},{"@type":"ImageObject","inLanguage":"en-US","@id":"https:\/\/paragaleriedetalborjt.com\/boutique\/klorane-shampoing-demelant-au-calendula-apaisant-bebe-cheveux-delicats-200-ml\/#primaryimage","url":"https:\/\/paragaleriedetalborjt.com\/wp-content\/uploads\/2026\/01\/3282770206418-Klorane-ShampoingdC3A9mC3AAlantauCalendulaapaisant-BC3A9bC3A9-CheveuxdC3A9licats-0170188001680879677-600x600-1.jpg","contentUrl":"https:\/\/paragaleriedetalborjt.com\/wp-content\/uploads\/2026\/01\/3282770206418-Klorane-ShampoingdC3A9mC3AAlantauCalendulaapaisant-BC3A9bC3A9-CheveuxdC3A9licats-0170188001680879677-600x600-1.jpg","width":600,"height":600},{"@type":"BreadcrumbList","@id":"https:\/\/paragaleriedetalborjt.com\/boutique\/klorane-shampoing-demelant-au-calendula-apaisant-bebe-cheveux-delicats-200-ml\/#breadcrumb","itemListElement":[{"@type":"ListItem","position":1,"name":"Accueil","item":"https:\/\/paragaleriedetalborjt.com\/"},{"@type":"ListItem","position":2,"name":"Boutique","item":"https:\/\/paragaleriedetalborjt.com\/boutique\/"},{"@type":"ListItem","position":3,"name":"Klorane \u2013 Shampoing d\u00e9m\u00ealant au Calendula apaisant \u2013 B\u00e9b\u00e9 \u2013 Cheveux d\u00e9licats 200 ml"}]},{"@type":"WebSite","@id":"https:\/\/paragaleriedetalborjt.com\/#website","url":"https:\/\/paragaleriedetalborjt.com\/","name":"paragaleriedetalborjt","description":"","potentialAction":[{"@type":"SearchAction","target":{"@type":"EntryPoint","urlTemplate":"https:\/\/paragaleriedetalborjt.com\/?s={search_term_string}"},"query-input":{"@type":"PropertyValueSpecification","valueRequired":true,"valueName":"search_term_string"}}],"inLanguage":"en-US"}]}},"brands":[{"id":1573,"name":"KLORANE","slug":"klorane"}],"_links":{"self":[{"href":"https:\/\/paragaleriedetalborjt.com\/en\/wp-json\/wp\/v2\/product\/39220","targetHints":{"allow":["GET"]}}],"collection":[{"href":"https:\/\/paragaleriedetalborjt.com\/en\/wp-json\/wp\/v2\/product"}],"about":[{"href":"https:\/\/paragaleriedetalborjt.com\/en\/wp-json\/wp\/v2\/types\/product"}],"replies":[{"embeddable":true,"href":"https:\/\/paragaleriedetalborjt.com\/en\/wp-json\/wp\/v2\/comments?post=39220"}],"version-history":[{"count":1,"href":"https:\/\/paragaleriedetalborjt.com\/en\/wp-json\/wp\/v2\/product\/39220\/revisions"}],"predecessor-version":[{"id":39222,"href":"https:\/\/paragaleriedetalborjt.com\/en\/wp-json\/wp\/v2\/product\/39220\/revisions\/39222"}],"wp:featuredmedia":[{"embeddable":true,"href":"https:\/\/paragaleriedetalborjt.com\/en\/wp-json\/wp\/v2\/media\/39221"}],"wp:attachment":[{"href":"https:\/\/paragaleriedetalborjt.com\/en\/wp-json\/wp\/v2\/media?parent=39220"}],"wp:term":[{"taxonomy":"pwb-brand","embeddable":true,"href":"https:\/\/paragaleriedetalborjt.com\/en\/wp-json\/wp\/v2\/pwb-brand?post=39220"},{"taxonomy":"product_cat","embeddable":true,"href":"https:\/\/paragaleriedetalborjt.com\/en\/wp-json\/wp\/v2\/product_cat?post=39220"},{"taxonomy":"product_tag","embeddable":true,"href":"https:\/\/paragaleriedetalborjt.com\/en\/wp-json\/wp\/v2\/product_tag?post=39220"}],"curies":[{"name":"wp","href":"https:\/\/api.w.org\/{rel}","templated":true}]}}