{"id":38755,"date":"2026-01-03T18:39:59","date_gmt":"2026-01-03T17:39:59","guid":{"rendered":"https:\/\/paragaleriedetalborjt.com\/?post_type=product&#038;p=38755"},"modified":"2026-01-03T20:15:26","modified_gmt":"2026-01-03T19:15:26","slug":"eucerin-photoaging-control-gel-creme-teintee-spf50-50-ml","status":"publish","type":"product","link":"https:\/\/paragaleriedetalborjt.com\/en\/boutique\/eucerin-photoaging-control-gel-creme-teintee-spf50-50-ml\/","title":{"rendered":"Eucerin \u2013 Photoaging Control Gel Cr\u00e8me Teint\u00e9e SPF50+ \u2013 50 ml"},"content":{"rendered":"<div aria-labelledby=\"tab-title-description\" class=\"woocommerce-Tabs-panel woocommerce-Tabs-panel--description panel entry-content wc-tab\" id=\"tab-description\" role=\"tabpanel\" style=\"\">\n<h2>Description<\/h2>\n<p><span style=\"color: #000000;\"><strong>EUCERIN Sun protection. Photoaging control. Sun Fluid. Aide \u00e0 pr\u00e9venir du photovieillissement. R\u00e9duit visiblement les rides\u00a0SPF 50 \u2013 50ml.<\/strong><\/span><br \/>\nLe rayonnement UV est la principale cause des dommages cutan\u00e9s induits par le soleil.<br \/>\nEn plus du stres cr\u00e9\u00e9 par ces UV, la lumi\u00e8re visible de haute \u00e9nergie peut \u00e9galement g\u00e9n\u00e8rer des radicaux libres.<br \/>\nContient l\u2019Advanced Spectral Technology : Une combinaison de filtres UVA et UVB pour une haute protection contre les UV, associ\u00e9e \u00e0 de la Licochalcone A un antioxydant qui agit sur lesradicaux libres g\u00e9n\u00e9r\u00e9s par les UVet la lumi\u00e8re visible de haute \u00e9n\u00e9rgie.<\/p>\n<p>La formule contient \u00e9galement de l\u2019Acide Hyaluronique de bas et de haut poids mol\u00e9culaire, qui aide \u00e0 r\u00e9duire visiblement les rides du visage et du d\u00e9collet\u00e9.<br \/>\n\u2013 Aide \u00e0 pr\u00e9venir du photovieillissement<br \/>\n\u2013 R\u00e9duit visiblement les rides sur le visage et le d\u00e9collet\u00e9<br \/>\n\u2013 Am\u00e9liore l\u2019aspect de la peau<br \/>\n\u2013 Hydrate intens\u00e9ment<br \/>\n\u2013 Pr\u00e9sente une texture l\u00e9g\u00e8re, non grasse, non collante et \u00e0 l\u2019absorption rapide<br \/>\n\u2013 Peut servire de base de maquillage.<br \/>\n\u2013 Test\u00e9 en climat humide<\/p>\n<p><span style=\"color: #ff0000;\"><strong>COMPOSITIONS &amp; INGR\u00c9DIENTS :<\/strong><\/span><br \/>\nLa\u00a0liste\u00a0des\u00a0ingr\u00e9dients\u00a0peut\u00a0\u00eatre\u00a0soumise\u00a0\u00e0\u00a0des\u00a0variations,\u00a0nous\u00a0vous\u00a0conseillons\u00a0de\u00a0toujours\u00a0v\u00e9rifier\u00a0la\u00a0liste\u00a0figurant\u00a0sur\u00a0le\u00a0produit\u00a0achet\u00e9.<br \/>\nFormule INCI :\u00a0Aqua, Homosalate, Glycerin, Butyl Methoxydibenzoylmethane, Ethylhexyl Salicylate, Butylene Glycol, Dicaprylate\/Dicaprate, Ethylhexyl Triazone, Alcohol Denat, Bis-Ethylhexyloxyphenol Methoxyphenyl Triazine, Cetearyl Alcohol, Phenylbenzimidazole Sulfonic Acid, C12-15 Alkyl Benzoate, Tapioca Starch, Sodium Hyaluronate, Glycyrrhiza Inflata Root Extract, Glycyrrhetinic Acid, Glyceryl Stearate, Sodium Stearoyl Glutamate, Acrylates\/ C10-30 Alkyl Acrylate Crosspolymer, Carbomer, Xanthan Gum, Dimethicone, Trisodium Edta, Sodium Chloride, Phenoxyethanol, Ethylhexylglycerin.<br \/>\nNon com\u00e9dog\u00e8ne<br \/>\nSans parfum<\/p>\n<p><span style=\"color: #ff0000;\"><strong>CONSEILS D\u2019UTILISATION :<\/strong><\/span><br \/>\nAppliquez g\u00e9n\u00e9reusement et uniform\u00e9ment avant l\u2019exposition au soleil et renouveler fr\u00e9quemment pour maintenir le niveau de protection, en particulier apr\u00e8s vous \u00eatre baign\u00e9, essuy\u00e9 ou avoir transpirer.<br \/>\nR\u00e9duire la quantit\u00e9 de produits solaire appliqu\u00e9e diminue significativementle niveau de protection.<br \/>\nEviter l\u2019exposition entre 11h et 15h et les expositions prolong\u00e9es m\u00eame si vous utilisez une protection solaire.<br \/>\nLa surexposition au soleil est une menace grave pour la sant\u00e9.<br \/>\nGardez les b\u00e9b\u00e9s et les jeunes enfants \u00e0 l\u2019abri du soleil.<br \/>\nEvitez le contact avec les yeux.<\/p>\n<\/div>","protected":false},"excerpt":{"rendered":"<p>Highlights:EUCERIN Sun protection. Photoaging control. Sun Fluid. Aide \u00e0 pr\u00e9venir du photovieillissement. R\u00e9duit visiblement les rides\u00a0SPF 50 \u2013 50ml.Le rayonnement UV est la principale cause des dommages cutan\u00e9s induits par le soleil.En plus du stres cr\u00e9\u00e9 par ces UV, la lumi\u00e8re visible de haute \u00e9nergie peut \u00e9galement g\u00e9n\u00e8rer des radicaux libres.Contient l\u2019Advanced Spectral Technology : Une combinaison de filtres UVA et UVB pour une haute protection contre les UV, associ\u00e9e \u00e0 de la Licochalcone A un antioxydant qui agit sur lesradicaux libres g\u00e9n\u00e9r\u00e9s par les UVet la lumi\u00e8re visible de haute \u00e9n\u00e9rgie.<\/p>","protected":false},"featured_media":38756,"comment_status":"open","ping_status":"closed","template":"","meta":[],"pwb-brand":[1582],"product_cat":[16],"product_tag":[],"class_list":{"0":"post-38755","1":"product","2":"type-product","3":"status-publish","4":"has-post-thumbnail","6":"pwb-brand-eucerin","7":"product_cat-non-classe","8":"pa_brands-eucerin","10":"first","11":"instock","12":"sale","13":"shipping-taxable","14":"purchasable","15":"product-type-simple"},"yoast_head":"<!-- This site is optimized with the Yoast SEO plugin v27.5 - https:\/\/yoast.com\/product\/yoast-seo-wordpress\/ -->\n<title>Eucerin \u2013 Photoaging Control Gel Cr\u00e8me Teint\u00e9e SPF50+ \u2013 50 ml - paragaleriedetalborjt<\/title>\n<meta name=\"robots\" content=\"index, follow, max-snippet:-1, max-image-preview:large, max-video-preview:-1\" \/>\n<link rel=\"canonical\" href=\"https:\/\/paragaleriedetalborjt.com\/en\/boutique\/eucerin-photoaging-control-gel-creme-teintee-spf50-50-ml\/\" \/>\n<meta property=\"og:locale\" content=\"en_US\" \/>\n<meta property=\"og:type\" content=\"article\" \/>\n<meta property=\"og:title\" content=\"Eucerin \u2013 Photoaging Control Gel Cr\u00e8me Teint\u00e9e SPF50+ \u2013 50 ml - paragaleriedetalborjt\" \/>\n<meta property=\"og:description\" content=\"Highlights:EUCERIN Sun protection. Photoaging control. Sun Fluid. Aide \u00e0 pr\u00e9venir du photovieillissement. R\u00e9duit visiblement les rides\u00a0SPF 50 \u2013 50ml.Le rayonnement UV est la principale cause des dommages cutan\u00e9s induits par le soleil.En plus du stres cr\u00e9\u00e9 par ces UV, la lumi\u00e8re visible de haute \u00e9nergie peut \u00e9galement g\u00e9n\u00e8rer des radicaux libres.Contient l\u2019Advanced Spectral Technology : Une combinaison de filtres UVA et UVB pour une haute protection contre les UV, associ\u00e9e \u00e0 de la Licochalcone A un antioxydant qui agit sur lesradicaux libres g\u00e9n\u00e9r\u00e9s par les UVet la lumi\u00e8re visible de haute \u00e9n\u00e9rgie.\" \/>\n<meta property=\"og:url\" content=\"https:\/\/paragaleriedetalborjt.com\/en\/boutique\/eucerin-photoaging-control-gel-creme-teintee-spf50-50-ml\/\" \/>\n<meta property=\"og:site_name\" content=\"paragaleriedetalborjt\" \/>\n<meta property=\"article:modified_time\" content=\"2026-01-03T19:15:26+00:00\" \/>\n<meta property=\"og:image\" content=\"https:\/\/paragaleriedetalborjt.com\/wp-content\/uploads\/2026\/01\/1-41-600x600-1.jpg\" \/>\n\t<meta property=\"og:image:width\" content=\"600\" \/>\n\t<meta property=\"og:image:height\" content=\"600\" \/>\n\t<meta property=\"og:image:type\" content=\"image\/jpeg\" \/>\n<meta name=\"twitter:card\" content=\"summary_large_image\" \/>\n<meta name=\"twitter:label1\" content=\"Est. reading time\" \/>\n\t<meta name=\"twitter:data1\" content=\"2 minutes\" \/>\n<script type=\"application\/ld+json\" class=\"yoast-schema-graph\">{\"@context\":\"https:\\\/\\\/schema.org\",\"@graph\":[{\"@type\":\"WebPage\",\"@id\":\"https:\\\/\\\/paragaleriedetalborjt.com\\\/boutique\\\/eucerin-photoaging-control-gel-creme-teintee-spf50-50-ml\\\/\",\"url\":\"https:\\\/\\\/paragaleriedetalborjt.com\\\/boutique\\\/eucerin-photoaging-control-gel-creme-teintee-spf50-50-ml\\\/\",\"name\":\"Eucerin \u2013 Photoaging Control Gel Cr\u00e8me Teint\u00e9e SPF50+ \u2013 50 ml - paragaleriedetalborjt\",\"isPartOf\":{\"@id\":\"https:\\\/\\\/paragaleriedetalborjt.com\\\/#website\"},\"primaryImageOfPage\":{\"@id\":\"https:\\\/\\\/paragaleriedetalborjt.com\\\/boutique\\\/eucerin-photoaging-control-gel-creme-teintee-spf50-50-ml\\\/#primaryimage\"},\"image\":{\"@id\":\"https:\\\/\\\/paragaleriedetalborjt.com\\\/boutique\\\/eucerin-photoaging-control-gel-creme-teintee-spf50-50-ml\\\/#primaryimage\"},\"thumbnailUrl\":\"https:\\\/\\\/paragaleriedetalborjt.com\\\/wp-content\\\/uploads\\\/2026\\\/01\\\/1-41-600x600-1.jpg\",\"datePublished\":\"2026-01-03T17:39:59+00:00\",\"dateModified\":\"2026-01-03T19:15:26+00:00\",\"breadcrumb\":{\"@id\":\"https:\\\/\\\/paragaleriedetalborjt.com\\\/boutique\\\/eucerin-photoaging-control-gel-creme-teintee-spf50-50-ml\\\/#breadcrumb\"},\"inLanguage\":\"en-US\",\"potentialAction\":[{\"@type\":\"ReadAction\",\"target\":[\"https:\\\/\\\/paragaleriedetalborjt.com\\\/boutique\\\/eucerin-photoaging-control-gel-creme-teintee-spf50-50-ml\\\/\"]}]},{\"@type\":\"ImageObject\",\"inLanguage\":\"en-US\",\"@id\":\"https:\\\/\\\/paragaleriedetalborjt.com\\\/boutique\\\/eucerin-photoaging-control-gel-creme-teintee-spf50-50-ml\\\/#primaryimage\",\"url\":\"https:\\\/\\\/paragaleriedetalborjt.com\\\/wp-content\\\/uploads\\\/2026\\\/01\\\/1-41-600x600-1.jpg\",\"contentUrl\":\"https:\\\/\\\/paragaleriedetalborjt.com\\\/wp-content\\\/uploads\\\/2026\\\/01\\\/1-41-600x600-1.jpg\",\"width\":600,\"height\":600},{\"@type\":\"BreadcrumbList\",\"@id\":\"https:\\\/\\\/paragaleriedetalborjt.com\\\/boutique\\\/eucerin-photoaging-control-gel-creme-teintee-spf50-50-ml\\\/#breadcrumb\",\"itemListElement\":[{\"@type\":\"ListItem\",\"position\":1,\"name\":\"Accueil\",\"item\":\"https:\\\/\\\/paragaleriedetalborjt.com\\\/\"},{\"@type\":\"ListItem\",\"position\":2,\"name\":\"Boutique\",\"item\":\"https:\\\/\\\/paragaleriedetalborjt.com\\\/boutique\\\/\"},{\"@type\":\"ListItem\",\"position\":3,\"name\":\"Eucerin \u2013 Photoaging Control Gel Cr\u00e8me Teint\u00e9e SPF50+ \u2013 50 ml\"}]},{\"@type\":\"WebSite\",\"@id\":\"https:\\\/\\\/paragaleriedetalborjt.com\\\/#website\",\"url\":\"https:\\\/\\\/paragaleriedetalborjt.com\\\/\",\"name\":\"paragaleriedetalborjt\",\"description\":\"\",\"potentialAction\":[{\"@type\":\"SearchAction\",\"target\":{\"@type\":\"EntryPoint\",\"urlTemplate\":\"https:\\\/\\\/paragaleriedetalborjt.com\\\/?s={search_term_string}\"},\"query-input\":{\"@type\":\"PropertyValueSpecification\",\"valueRequired\":true,\"valueName\":\"search_term_string\"}}],\"inLanguage\":\"en-US\"}]}<\/script>\n<!-- \/ Yoast SEO plugin. -->","yoast_head_json":{"title":"Eucerin \u2013 Photoaging Control Gel Cr\u00e8me Teint\u00e9e SPF50+ \u2013 50 ml - paragaleriedetalborjt","robots":{"index":"index","follow":"follow","max-snippet":"max-snippet:-1","max-image-preview":"max-image-preview:large","max-video-preview":"max-video-preview:-1"},"canonical":"https:\/\/paragaleriedetalborjt.com\/en\/boutique\/eucerin-photoaging-control-gel-creme-teintee-spf50-50-ml\/","og_locale":"en_US","og_type":"article","og_title":"Eucerin \u2013 Photoaging Control Gel Cr\u00e8me Teint\u00e9e SPF50+ \u2013 50 ml - paragaleriedetalborjt","og_description":"Highlights:EUCERIN Sun protection. Photoaging control. Sun Fluid. Aide \u00e0 pr\u00e9venir du photovieillissement. R\u00e9duit visiblement les rides\u00a0SPF 50 \u2013 50ml.Le rayonnement UV est la principale cause des dommages cutan\u00e9s induits par le soleil.En plus du stres cr\u00e9\u00e9 par ces UV, la lumi\u00e8re visible de haute \u00e9nergie peut \u00e9galement g\u00e9n\u00e8rer des radicaux libres.Contient l\u2019Advanced Spectral Technology : Une combinaison de filtres UVA et UVB pour une haute protection contre les UV, associ\u00e9e \u00e0 de la Licochalcone A un antioxydant qui agit sur lesradicaux libres g\u00e9n\u00e9r\u00e9s par les UVet la lumi\u00e8re visible de haute \u00e9n\u00e9rgie.","og_url":"https:\/\/paragaleriedetalborjt.com\/en\/boutique\/eucerin-photoaging-control-gel-creme-teintee-spf50-50-ml\/","og_site_name":"paragaleriedetalborjt","article_modified_time":"2026-01-03T19:15:26+00:00","og_image":[{"width":600,"height":600,"url":"https:\/\/paragaleriedetalborjt.com\/wp-content\/uploads\/2026\/01\/1-41-600x600-1.jpg","type":"image\/jpeg"}],"twitter_card":"summary_large_image","twitter_misc":{"Est. reading time":"2 minutes"},"schema":{"@context":"https:\/\/schema.org","@graph":[{"@type":"WebPage","@id":"https:\/\/paragaleriedetalborjt.com\/boutique\/eucerin-photoaging-control-gel-creme-teintee-spf50-50-ml\/","url":"https:\/\/paragaleriedetalborjt.com\/boutique\/eucerin-photoaging-control-gel-creme-teintee-spf50-50-ml\/","name":"Eucerin \u2013 Photoaging Control Gel Cr\u00e8me Teint\u00e9e SPF50+ \u2013 50 ml - paragaleriedetalborjt","isPartOf":{"@id":"https:\/\/paragaleriedetalborjt.com\/#website"},"primaryImageOfPage":{"@id":"https:\/\/paragaleriedetalborjt.com\/boutique\/eucerin-photoaging-control-gel-creme-teintee-spf50-50-ml\/#primaryimage"},"image":{"@id":"https:\/\/paragaleriedetalborjt.com\/boutique\/eucerin-photoaging-control-gel-creme-teintee-spf50-50-ml\/#primaryimage"},"thumbnailUrl":"https:\/\/paragaleriedetalborjt.com\/wp-content\/uploads\/2026\/01\/1-41-600x600-1.jpg","datePublished":"2026-01-03T17:39:59+00:00","dateModified":"2026-01-03T19:15:26+00:00","breadcrumb":{"@id":"https:\/\/paragaleriedetalborjt.com\/boutique\/eucerin-photoaging-control-gel-creme-teintee-spf50-50-ml\/#breadcrumb"},"inLanguage":"en-US","potentialAction":[{"@type":"ReadAction","target":["https:\/\/paragaleriedetalborjt.com\/boutique\/eucerin-photoaging-control-gel-creme-teintee-spf50-50-ml\/"]}]},{"@type":"ImageObject","inLanguage":"en-US","@id":"https:\/\/paragaleriedetalborjt.com\/boutique\/eucerin-photoaging-control-gel-creme-teintee-spf50-50-ml\/#primaryimage","url":"https:\/\/paragaleriedetalborjt.com\/wp-content\/uploads\/2026\/01\/1-41-600x600-1.jpg","contentUrl":"https:\/\/paragaleriedetalborjt.com\/wp-content\/uploads\/2026\/01\/1-41-600x600-1.jpg","width":600,"height":600},{"@type":"BreadcrumbList","@id":"https:\/\/paragaleriedetalborjt.com\/boutique\/eucerin-photoaging-control-gel-creme-teintee-spf50-50-ml\/#breadcrumb","itemListElement":[{"@type":"ListItem","position":1,"name":"Accueil","item":"https:\/\/paragaleriedetalborjt.com\/"},{"@type":"ListItem","position":2,"name":"Boutique","item":"https:\/\/paragaleriedetalborjt.com\/boutique\/"},{"@type":"ListItem","position":3,"name":"Eucerin \u2013 Photoaging Control Gel Cr\u00e8me Teint\u00e9e SPF50+ \u2013 50 ml"}]},{"@type":"WebSite","@id":"https:\/\/paragaleriedetalborjt.com\/#website","url":"https:\/\/paragaleriedetalborjt.com\/","name":"paragaleriedetalborjt","description":"","potentialAction":[{"@type":"SearchAction","target":{"@type":"EntryPoint","urlTemplate":"https:\/\/paragaleriedetalborjt.com\/?s={search_term_string}"},"query-input":{"@type":"PropertyValueSpecification","valueRequired":true,"valueName":"search_term_string"}}],"inLanguage":"en-US"}]}},"brands":[{"id":1582,"name":"EUCERIN","slug":"eucerin"}],"_links":{"self":[{"href":"https:\/\/paragaleriedetalborjt.com\/en\/wp-json\/wp\/v2\/product\/38755","targetHints":{"allow":["GET"]}}],"collection":[{"href":"https:\/\/paragaleriedetalborjt.com\/en\/wp-json\/wp\/v2\/product"}],"about":[{"href":"https:\/\/paragaleriedetalborjt.com\/en\/wp-json\/wp\/v2\/types\/product"}],"replies":[{"embeddable":true,"href":"https:\/\/paragaleriedetalborjt.com\/en\/wp-json\/wp\/v2\/comments?post=38755"}],"version-history":[{"count":1,"href":"https:\/\/paragaleriedetalborjt.com\/en\/wp-json\/wp\/v2\/product\/38755\/revisions"}],"predecessor-version":[{"id":38757,"href":"https:\/\/paragaleriedetalborjt.com\/en\/wp-json\/wp\/v2\/product\/38755\/revisions\/38757"}],"wp:featuredmedia":[{"embeddable":true,"href":"https:\/\/paragaleriedetalborjt.com\/en\/wp-json\/wp\/v2\/media\/38756"}],"wp:attachment":[{"href":"https:\/\/paragaleriedetalborjt.com\/en\/wp-json\/wp\/v2\/media?parent=38755"}],"wp:term":[{"taxonomy":"pwb-brand","embeddable":true,"href":"https:\/\/paragaleriedetalborjt.com\/en\/wp-json\/wp\/v2\/pwb-brand?post=38755"},{"taxonomy":"product_cat","embeddable":true,"href":"https:\/\/paragaleriedetalborjt.com\/en\/wp-json\/wp\/v2\/product_cat?post=38755"},{"taxonomy":"product_tag","embeddable":true,"href":"https:\/\/paragaleriedetalborjt.com\/en\/wp-json\/wp\/v2\/product_tag?post=38755"}],"curies":[{"name":"wp","href":"https:\/\/api.w.org\/{rel}","templated":true}]}}