{"id":38291,"date":"2026-01-03T18:26:14","date_gmt":"2026-01-03T17:26:14","guid":{"rendered":"https:\/\/paragaleriedetalborjt.com\/?post_type=product&#038;p=38291"},"modified":"2026-01-03T20:14:44","modified_gmt":"2026-01-03T19:14:44","slug":"klorane-gel-lavant-doux-au-calendula-apaisant-bebe-corps-et-cheveux-peau-normale-500-ml","status":"publish","type":"product","link":"https:\/\/paragaleriedetalborjt.com\/en\/boutique\/klorane-gel-lavant-doux-au-calendula-apaisant-bebe-corps-et-cheveux-peau-normale-500-ml\/","title":{"rendered":"Klorane \u2013 Gel lavant doux au Calendula apaisant \u2013 B\u00e9b\u00e9 \u2013 Corps et cheveux \u2013 Peau normale 500 ml"},"content":{"rendered":"<div aria-labelledby=\"tab-title-description\" class=\"woocommerce-Tabs-panel woocommerce-Tabs-panel--description panel entry-content wc-tab\" id=\"tab-description\" role=\"tabpanel\" style=\"\">\n<h2>Description<\/h2>\n<div>\u00a0La formule biod\u00e9gradable* aux fleurs de Calendula issues de culture BIO, apaisantes et protectrices, est enrichie d\u2019agents hydratants naturels et test\u00e9e sous contr\u00f4le p\u00e9diatrique**. La peau des tout-petits est hydrat\u00e9e et prot\u00e9g\u00e9e, sans danger. La mousse l\u00e9g\u00e8re et parfum\u00e9e transforme le bain quotidien en un doux moment de d\u00e9tente et de partage.*Selon la norme OCDE301B.**Excellente tol\u00e9rance p\u00e9diatrique \u2013 \u00e9tude de tol\u00e9rance sous contr\u00f4le p\u00e9diatrique chez 30 nourrissons \u2013 pendant 21 jours.<\/div>\n<h4>Bienfaits :<\/h4>\n<div>\u00ab\u00a0\u2013 Nettoie : pratique, sa formule biod\u00e9gradable* 2-en-1 nettoie tout en douceur la peau fragile et les cheveux d\u00e9licats des plus petits. \u2013 Apaise : le Gel lavant doux Klorane est d\u00e9licatement parfum\u00e9 d\u2019un accord floral relaxant, pour apaiser et d\u00e9tendre lors de l\u2019application. \u2013 Prot\u00e8ge : riche en agents hydratants naturels et en Calendula adoucissant, la peau est prot\u00e9g\u00e9e du dess\u00e8chement*** et les cheveux fins se d\u00e9m\u00ealent facilement.\u00a0\u00bb<\/div>\n<h4>Conseils d\u2019utilisations :<\/h4>\n<div>Faire mousser sur le corps et les cheveux pr\u00e9alablement mouill\u00e9s. Rincer en cas de contact avec les yeux.<\/div>\n<div>\n<h4>ingredients :<\/h4>\n<p>WATER (AQUA). GLYCERIN. CETEARETH-60 MYRISTYL GLYCOL. COCO-GLUCOSIDE. ZINC COCETH SULFATE. SODIUM COCOAMPHOACETATE. POLYSORBATE 20. FRAGRANCE (PARFUM). ASCORBYL PALMITATE. CALENDULA OFFICINALIS FLOWER EXTRACT. CITRIC ACID. DISODIUM LAURETH SULFOSUCCINATE. GLYCERYL OLEATE. HYDROGENATED PALM GLYCERIDES CITRATE. ISOLEUCINE. LAURETH-3. LECITHIN. MALEIC ACID. POLYSORBATE 80. PROPYLENE GLYCOL. SODIUM BENZOATE. SODIUM CHLORIDE. SODIUM HYDROXIDE. TOCOPHEROL. TRISODIUM ETHYLENEDIAMINE DISUCCINATE<\/p>\n<\/div>\n<\/div>","protected":false},"excerpt":{"rendered":"<p>Highlights:Le Gel lavant doux Klorane B\u00e9b\u00e9 nettoie, apaise et prot\u00e8ge la peau et les cheveux d\u00e9licats de b\u00e9b\u00e9, sans piquer les yeux.<\/p>","protected":false},"featured_media":38292,"comment_status":"open","ping_status":"closed","template":"","meta":[],"pwb-brand":[1573],"product_cat":[16],"product_tag":[],"class_list":{"0":"post-38291","1":"product","2":"type-product","3":"status-publish","4":"has-post-thumbnail","6":"pwb-brand-klorane","7":"product_cat-non-classe","8":"pa_brands-klorane","10":"first","11":"instock","12":"sale","13":"shipping-taxable","14":"purchasable","15":"product-type-simple"},"yoast_head":"<!-- This site is optimized with the Yoast SEO plugin v27.5 - https:\/\/yoast.com\/product\/yoast-seo-wordpress\/ -->\n<title>Klorane \u2013 Gel lavant doux au Calendula apaisant \u2013 B\u00e9b\u00e9 \u2013 Corps et cheveux \u2013 Peau normale 500 ml - paragaleriedetalborjt<\/title>\n<meta name=\"robots\" content=\"index, follow, max-snippet:-1, max-image-preview:large, max-video-preview:-1\" \/>\n<link rel=\"canonical\" href=\"https:\/\/paragaleriedetalborjt.com\/en\/boutique\/klorane-gel-lavant-doux-au-calendula-apaisant-bebe-corps-et-cheveux-peau-normale-500-ml\/\" \/>\n<meta property=\"og:locale\" content=\"en_US\" \/>\n<meta property=\"og:type\" content=\"article\" \/>\n<meta property=\"og:title\" content=\"Klorane \u2013 Gel lavant doux au Calendula apaisant \u2013 B\u00e9b\u00e9 \u2013 Corps et cheveux \u2013 Peau normale 500 ml - paragaleriedetalborjt\" \/>\n<meta property=\"og:description\" content=\"Highlights:Le Gel lavant doux Klorane B\u00e9b\u00e9 nettoie, apaise et prot\u00e8ge la peau et les cheveux d\u00e9licats de b\u00e9b\u00e9, sans piquer les yeux.\" \/>\n<meta property=\"og:url\" content=\"https:\/\/paragaleriedetalborjt.com\/en\/boutique\/klorane-gel-lavant-doux-au-calendula-apaisant-bebe-corps-et-cheveux-peau-normale-500-ml\/\" \/>\n<meta property=\"og:site_name\" content=\"paragaleriedetalborjt\" \/>\n<meta property=\"article:modified_time\" content=\"2026-01-03T19:14:44+00:00\" \/>\n<meta property=\"og:image\" content=\"https:\/\/paragaleriedetalborjt.com\/wp-content\/uploads\/2026\/01\/3282770104943.jpg\" \/>\n\t<meta property=\"og:image:width\" content=\"595\" \/>\n\t<meta property=\"og:image:height\" content=\"655\" \/>\n\t<meta property=\"og:image:type\" content=\"image\/jpeg\" \/>\n<meta name=\"twitter:card\" content=\"summary_large_image\" \/>\n<meta name=\"twitter:label1\" content=\"Est. reading time\" \/>\n\t<meta name=\"twitter:data1\" content=\"1 minute\" \/>\n<script type=\"application\/ld+json\" class=\"yoast-schema-graph\">{\"@context\":\"https:\\\/\\\/schema.org\",\"@graph\":[{\"@type\":\"WebPage\",\"@id\":\"https:\\\/\\\/paragaleriedetalborjt.com\\\/boutique\\\/klorane-gel-lavant-doux-au-calendula-apaisant-bebe-corps-et-cheveux-peau-normale-500-ml\\\/\",\"url\":\"https:\\\/\\\/paragaleriedetalborjt.com\\\/boutique\\\/klorane-gel-lavant-doux-au-calendula-apaisant-bebe-corps-et-cheveux-peau-normale-500-ml\\\/\",\"name\":\"Klorane \u2013 Gel lavant doux au Calendula apaisant \u2013 B\u00e9b\u00e9 \u2013 Corps et cheveux \u2013 Peau normale 500 ml - paragaleriedetalborjt\",\"isPartOf\":{\"@id\":\"https:\\\/\\\/paragaleriedetalborjt.com\\\/#website\"},\"primaryImageOfPage\":{\"@id\":\"https:\\\/\\\/paragaleriedetalborjt.com\\\/boutique\\\/klorane-gel-lavant-doux-au-calendula-apaisant-bebe-corps-et-cheveux-peau-normale-500-ml\\\/#primaryimage\"},\"image\":{\"@id\":\"https:\\\/\\\/paragaleriedetalborjt.com\\\/boutique\\\/klorane-gel-lavant-doux-au-calendula-apaisant-bebe-corps-et-cheveux-peau-normale-500-ml\\\/#primaryimage\"},\"thumbnailUrl\":\"https:\\\/\\\/paragaleriedetalborjt.com\\\/wp-content\\\/uploads\\\/2026\\\/01\\\/3282770104943.jpg\",\"datePublished\":\"2026-01-03T17:26:14+00:00\",\"dateModified\":\"2026-01-03T19:14:44+00:00\",\"breadcrumb\":{\"@id\":\"https:\\\/\\\/paragaleriedetalborjt.com\\\/boutique\\\/klorane-gel-lavant-doux-au-calendula-apaisant-bebe-corps-et-cheveux-peau-normale-500-ml\\\/#breadcrumb\"},\"inLanguage\":\"en-US\",\"potentialAction\":[{\"@type\":\"ReadAction\",\"target\":[\"https:\\\/\\\/paragaleriedetalborjt.com\\\/boutique\\\/klorane-gel-lavant-doux-au-calendula-apaisant-bebe-corps-et-cheveux-peau-normale-500-ml\\\/\"]}]},{\"@type\":\"ImageObject\",\"inLanguage\":\"en-US\",\"@id\":\"https:\\\/\\\/paragaleriedetalborjt.com\\\/boutique\\\/klorane-gel-lavant-doux-au-calendula-apaisant-bebe-corps-et-cheveux-peau-normale-500-ml\\\/#primaryimage\",\"url\":\"https:\\\/\\\/paragaleriedetalborjt.com\\\/wp-content\\\/uploads\\\/2026\\\/01\\\/3282770104943.jpg\",\"contentUrl\":\"https:\\\/\\\/paragaleriedetalborjt.com\\\/wp-content\\\/uploads\\\/2026\\\/01\\\/3282770104943.jpg\",\"width\":595,\"height\":655},{\"@type\":\"BreadcrumbList\",\"@id\":\"https:\\\/\\\/paragaleriedetalborjt.com\\\/boutique\\\/klorane-gel-lavant-doux-au-calendula-apaisant-bebe-corps-et-cheveux-peau-normale-500-ml\\\/#breadcrumb\",\"itemListElement\":[{\"@type\":\"ListItem\",\"position\":1,\"name\":\"Accueil\",\"item\":\"https:\\\/\\\/paragaleriedetalborjt.com\\\/\"},{\"@type\":\"ListItem\",\"position\":2,\"name\":\"Boutique\",\"item\":\"https:\\\/\\\/paragaleriedetalborjt.com\\\/boutique\\\/\"},{\"@type\":\"ListItem\",\"position\":3,\"name\":\"Klorane \u2013 Gel lavant doux au Calendula apaisant \u2013 B\u00e9b\u00e9 \u2013 Corps et cheveux \u2013 Peau normale 500 ml\"}]},{\"@type\":\"WebSite\",\"@id\":\"https:\\\/\\\/paragaleriedetalborjt.com\\\/#website\",\"url\":\"https:\\\/\\\/paragaleriedetalborjt.com\\\/\",\"name\":\"paragaleriedetalborjt\",\"description\":\"\",\"potentialAction\":[{\"@type\":\"SearchAction\",\"target\":{\"@type\":\"EntryPoint\",\"urlTemplate\":\"https:\\\/\\\/paragaleriedetalborjt.com\\\/?s={search_term_string}\"},\"query-input\":{\"@type\":\"PropertyValueSpecification\",\"valueRequired\":true,\"valueName\":\"search_term_string\"}}],\"inLanguage\":\"en-US\"}]}<\/script>\n<!-- \/ Yoast SEO plugin. -->","yoast_head_json":{"title":"Klorane \u2013 Gel lavant doux au Calendula apaisant \u2013 B\u00e9b\u00e9 \u2013 Corps et cheveux \u2013 Peau normale 500 ml - paragaleriedetalborjt","robots":{"index":"index","follow":"follow","max-snippet":"max-snippet:-1","max-image-preview":"max-image-preview:large","max-video-preview":"max-video-preview:-1"},"canonical":"https:\/\/paragaleriedetalborjt.com\/en\/boutique\/klorane-gel-lavant-doux-au-calendula-apaisant-bebe-corps-et-cheveux-peau-normale-500-ml\/","og_locale":"en_US","og_type":"article","og_title":"Klorane \u2013 Gel lavant doux au Calendula apaisant \u2013 B\u00e9b\u00e9 \u2013 Corps et cheveux \u2013 Peau normale 500 ml - paragaleriedetalborjt","og_description":"Highlights:Le Gel lavant doux Klorane B\u00e9b\u00e9 nettoie, apaise et prot\u00e8ge la peau et les cheveux d\u00e9licats de b\u00e9b\u00e9, sans piquer les yeux.","og_url":"https:\/\/paragaleriedetalborjt.com\/en\/boutique\/klorane-gel-lavant-doux-au-calendula-apaisant-bebe-corps-et-cheveux-peau-normale-500-ml\/","og_site_name":"paragaleriedetalborjt","article_modified_time":"2026-01-03T19:14:44+00:00","og_image":[{"width":595,"height":655,"url":"https:\/\/paragaleriedetalborjt.com\/wp-content\/uploads\/2026\/01\/3282770104943.jpg","type":"image\/jpeg"}],"twitter_card":"summary_large_image","twitter_misc":{"Est. reading time":"1 minute"},"schema":{"@context":"https:\/\/schema.org","@graph":[{"@type":"WebPage","@id":"https:\/\/paragaleriedetalborjt.com\/boutique\/klorane-gel-lavant-doux-au-calendula-apaisant-bebe-corps-et-cheveux-peau-normale-500-ml\/","url":"https:\/\/paragaleriedetalborjt.com\/boutique\/klorane-gel-lavant-doux-au-calendula-apaisant-bebe-corps-et-cheveux-peau-normale-500-ml\/","name":"Klorane \u2013 Gel lavant doux au Calendula apaisant \u2013 B\u00e9b\u00e9 \u2013 Corps et cheveux \u2013 Peau normale 500 ml - paragaleriedetalborjt","isPartOf":{"@id":"https:\/\/paragaleriedetalborjt.com\/#website"},"primaryImageOfPage":{"@id":"https:\/\/paragaleriedetalborjt.com\/boutique\/klorane-gel-lavant-doux-au-calendula-apaisant-bebe-corps-et-cheveux-peau-normale-500-ml\/#primaryimage"},"image":{"@id":"https:\/\/paragaleriedetalborjt.com\/boutique\/klorane-gel-lavant-doux-au-calendula-apaisant-bebe-corps-et-cheveux-peau-normale-500-ml\/#primaryimage"},"thumbnailUrl":"https:\/\/paragaleriedetalborjt.com\/wp-content\/uploads\/2026\/01\/3282770104943.jpg","datePublished":"2026-01-03T17:26:14+00:00","dateModified":"2026-01-03T19:14:44+00:00","breadcrumb":{"@id":"https:\/\/paragaleriedetalborjt.com\/boutique\/klorane-gel-lavant-doux-au-calendula-apaisant-bebe-corps-et-cheveux-peau-normale-500-ml\/#breadcrumb"},"inLanguage":"en-US","potentialAction":[{"@type":"ReadAction","target":["https:\/\/paragaleriedetalborjt.com\/boutique\/klorane-gel-lavant-doux-au-calendula-apaisant-bebe-corps-et-cheveux-peau-normale-500-ml\/"]}]},{"@type":"ImageObject","inLanguage":"en-US","@id":"https:\/\/paragaleriedetalborjt.com\/boutique\/klorane-gel-lavant-doux-au-calendula-apaisant-bebe-corps-et-cheveux-peau-normale-500-ml\/#primaryimage","url":"https:\/\/paragaleriedetalborjt.com\/wp-content\/uploads\/2026\/01\/3282770104943.jpg","contentUrl":"https:\/\/paragaleriedetalborjt.com\/wp-content\/uploads\/2026\/01\/3282770104943.jpg","width":595,"height":655},{"@type":"BreadcrumbList","@id":"https:\/\/paragaleriedetalborjt.com\/boutique\/klorane-gel-lavant-doux-au-calendula-apaisant-bebe-corps-et-cheveux-peau-normale-500-ml\/#breadcrumb","itemListElement":[{"@type":"ListItem","position":1,"name":"Accueil","item":"https:\/\/paragaleriedetalborjt.com\/"},{"@type":"ListItem","position":2,"name":"Boutique","item":"https:\/\/paragaleriedetalborjt.com\/boutique\/"},{"@type":"ListItem","position":3,"name":"Klorane \u2013 Gel lavant doux au Calendula apaisant \u2013 B\u00e9b\u00e9 \u2013 Corps et cheveux \u2013 Peau normale 500 ml"}]},{"@type":"WebSite","@id":"https:\/\/paragaleriedetalborjt.com\/#website","url":"https:\/\/paragaleriedetalborjt.com\/","name":"paragaleriedetalborjt","description":"","potentialAction":[{"@type":"SearchAction","target":{"@type":"EntryPoint","urlTemplate":"https:\/\/paragaleriedetalborjt.com\/?s={search_term_string}"},"query-input":{"@type":"PropertyValueSpecification","valueRequired":true,"valueName":"search_term_string"}}],"inLanguage":"en-US"}]}},"brands":[{"id":1573,"name":"KLORANE","slug":"klorane"}],"_links":{"self":[{"href":"https:\/\/paragaleriedetalborjt.com\/en\/wp-json\/wp\/v2\/product\/38291","targetHints":{"allow":["GET"]}}],"collection":[{"href":"https:\/\/paragaleriedetalborjt.com\/en\/wp-json\/wp\/v2\/product"}],"about":[{"href":"https:\/\/paragaleriedetalborjt.com\/en\/wp-json\/wp\/v2\/types\/product"}],"replies":[{"embeddable":true,"href":"https:\/\/paragaleriedetalborjt.com\/en\/wp-json\/wp\/v2\/comments?post=38291"}],"version-history":[{"count":1,"href":"https:\/\/paragaleriedetalborjt.com\/en\/wp-json\/wp\/v2\/product\/38291\/revisions"}],"predecessor-version":[{"id":38293,"href":"https:\/\/paragaleriedetalborjt.com\/en\/wp-json\/wp\/v2\/product\/38291\/revisions\/38293"}],"wp:featuredmedia":[{"embeddable":true,"href":"https:\/\/paragaleriedetalborjt.com\/en\/wp-json\/wp\/v2\/media\/38292"}],"wp:attachment":[{"href":"https:\/\/paragaleriedetalborjt.com\/en\/wp-json\/wp\/v2\/media?parent=38291"}],"wp:term":[{"taxonomy":"pwb-brand","embeddable":true,"href":"https:\/\/paragaleriedetalborjt.com\/en\/wp-json\/wp\/v2\/pwb-brand?post=38291"},{"taxonomy":"product_cat","embeddable":true,"href":"https:\/\/paragaleriedetalborjt.com\/en\/wp-json\/wp\/v2\/product_cat?post=38291"},{"taxonomy":"product_tag","embeddable":true,"href":"https:\/\/paragaleriedetalborjt.com\/en\/wp-json\/wp\/v2\/product_tag?post=38291"}],"curies":[{"name":"wp","href":"https:\/\/api.w.org\/{rel}","templated":true}]}}